{"id":22838,"date":"2023-06-12T13:22:00","date_gmt":"2023-06-12T17:22:00","guid":{"rendered":"https:\/\/www.cip-icu.ca\/learning-hub\/ccn-les-lecons-de-la-planification-indigene\/"},"modified":"2024-09-26T12:58:05","modified_gmt":"2024-09-26T19:58:05","slug":"ccn-la-planification-dans-une-perspective-autochtone","status":"publish","type":"learning-hub","link":"https:\/\/www.cip-icu.ca\/fr\/learning-hub\/ccn-la-planification-dans-une-perspective-autochtone\/","title":{"rendered":"CCN : La planification dans une perspective autochtone"},"content":{"rendered":"\n<div style=\"height:60px\" aria-hidden=\"true\" class=\"wp-block-spacer\"><\/div>\n\n\n\n<p class=\"lede\">Le 6 juin, l&#8217;ICU s&#8217;est fi\u00e8rement associ\u00e9 \u00e0 la <a href=\"https:\/\/ncc-ccn.gc.ca\/\">Commission de la capitale nationale<\/a> (CCN) pour le laboratoire d&#8217;urbanisme de juin sur les le\u00e7ons de planification autochtone.<\/p>\n\n\n\n<p>Ted Jojola, de l&#8217;\u00e9cole d&#8217;architecture et de planification de l&#8217;universit\u00e9 du Nouveau-Mexique, et David Thomas, de la Treaty One Development Corporation, ont men\u00e9 une discussion captivante sur les traditions, les pratiques durables et les approches novatrices employ\u00e9es par les communaut\u00e9s indig\u00e8nes pour la gestion et l&#8217;intendance de leurs territoires ancestraux.  <\/p>\n\n\n\n<p>L&#8217;ICU continue \u00e0 aider la profession \u00e0 mieux comprendre le r\u00f4le que joue l&#8217;am\u00e9nagement du territoire autochtone dans la pr\u00e9servation du patrimoine culturel, la protection des \u00e9cosyst\u00e8mes et la promotion du d\u00e9veloppement durable.<\/p>\n\n\n\n\n","protected":false},"excerpt":{"rendered":"<p>Le 6 juin, l&#8217;ICU s&#8217;est fi\u00e8rement associ\u00e9 \u00e0 la Commission de la capitale nationale (CCN) pour le laboratoire d&#8217;urbanisme de juin sur les le\u00e7ons de&hellip;<\/p>\n","protected":false},"author":14,"featured_media":0,"comment_status":"closed","ping_status":"closed","template":"","learning_hub_category":[137],"learning_hub_tag":[133],"class_list":["post-22838","learning-hub","type-learning-hub","status-publish","hentry","learning_hub_category-video-fr","learning_hub_tag-reconciliation-fr"],"acf":[],"_links":{"self":[{"href":"https:\/\/www.cip-icu.ca\/fr\/wp-json\/wp\/v2\/learning-hub\/22838","targetHints":{"allow":["GET"]}}],"collection":[{"href":"https:\/\/www.cip-icu.ca\/fr\/wp-json\/wp\/v2\/learning-hub"}],"about":[{"href":"https:\/\/www.cip-icu.ca\/fr\/wp-json\/wp\/v2\/types\/learning-hub"}],"author":[{"embeddable":true,"href":"https:\/\/www.cip-icu.ca\/fr\/wp-json\/wp\/v2\/users\/14"}],"replies":[{"embeddable":true,"href":"https:\/\/www.cip-icu.ca\/fr\/wp-json\/wp\/v2\/comments?post=22838"}],"wp:attachment":[{"href":"https:\/\/www.cip-icu.ca\/fr\/wp-json\/wp\/v2\/media?parent=22838"}],"wp:term":[{"taxonomy":"learning_hub_category","embeddable":true,"href":"https:\/\/www.cip-icu.ca\/fr\/wp-json\/wp\/v2\/learning_hub_category?post=22838"},{"taxonomy":"learning_hub_tag","embeddable":true,"href":"https:\/\/www.cip-icu.ca\/fr\/wp-json\/wp\/v2\/learning_hub_tag?post=22838"}],"curies":[{"name":"wp","href":"https:\/\/api.w.org\/{rel}","templated":true}]}}