{"id":22867,"date":"2022-07-06T16:57:00","date_gmt":"2022-07-06T20:57:00","guid":{"rendered":"https:\/\/www.cip-icu.ca\/learning-hub\/elevation-2-0-ss-08-lelevation-du-niveau-de-la-mer-ne-sarrete-pas-aux-frontieres-juridictionnelles-collaboration-sur-la-cote-nord\/"},"modified":"2023-11-21T09:51:53","modified_gmt":"2023-11-21T17:51:53","slug":"elevation-2-0-ss-08-lelevation-du-niveau-de-la-mer-ne-sarrete-pas-aux-frontieres-juridictionnelles-collaboration-sur-la-cote-nord","status":"publish","type":"learning-hub","link":"https:\/\/www.cip-icu.ca\/fr\/learning-hub\/elevation-2-0-ss-08-lelevation-du-niveau-de-la-mer-ne-sarrete-pas-aux-frontieres-juridictionnelles-collaboration-sur-la-cote-nord\/","title":{"rendered":"Elevation 2.0 &#8211; SS-08 : L&#8217;\u00e9l\u00e9vation du niveau de la mer ne s&#8217;arr\u00eate pas aux fronti\u00e8res juridictionnelles : Collaboration sur la C\u00f4te-Nord"},"content":{"rendered":"\n<p class=\"lede\">Cette pr\u00e9sentation en panel partagera l&#8217;exp\u00e9rience du d\u00e9veloppement de la premi\u00e8re strat\u00e9gie multi-juridictionnelle sur l&#8217;\u00e9l\u00e9vation du niveau de la mer dans la r\u00e9gion m\u00e9tropolitaine de Vancouver et peut-\u00eatre en Colombie-Britannique. Situ\u00e9e sur les territoires traditionnels des Premi\u00e8res nations Coast Salish, la r\u00e9gion North Shore de Metro Vancouver s&#8217;\u00e9tend sur 65 km de littoral de la mer des Salish. L&#8217;\u00e9l\u00e9vation du niveau de la mer est une pr\u00e9occupation majeure, car les terres c\u00f4ti\u00e8res sont utilis\u00e9es \u00e0 des fins portuaires, industrielles et commerciales, \u00e0 des fins d&#8217;infrastructures de transport et d&#8217;\u00e9nergie essentielles, \u00e0 des fins r\u00e9sidentielles mixtes et unifamiliales de haute densit\u00e9, \u00e0 des fins de parcs et \u00e0 des fins d&#8217;\u00e9cosyst\u00e8mes sensibles. La session expliquera comment le district de North Vancouver, la ville de North Vancouver, le district de West Vancouver, le North Shore Emergency Management, le port de Vancouver et la nation Squamish ont collabor\u00e9 \u00e0 l&#8217;\u00e9laboration de la strat\u00e9gie prim\u00e9e d&#8217;\u00e9valuation et de gestion adaptative des risques li\u00e9s \u00e0 l&#8217;\u00e9l\u00e9vation du niveau de la mer sur la c\u00f4te nord (2021). Les intervenants passeront en revue le processus du projet, expliqueront comment les partenaires ont travaill\u00e9 entre les diff\u00e9rentes juridictions, ce que l&#8217;analyse technique a r\u00e9v\u00e9l\u00e9, les tactiques de communication et d&#8217;engagement utilis\u00e9es, et les le\u00e7ons tir\u00e9es de l&#8217;exp\u00e9rience. Les participants apprendront comment la strat\u00e9gie est mise en \u0153uvre dans une nouvelle zone de permis de d\u00e9veloppement c\u00f4tier \u00e0 West Vancouver.<\/p>\n\n<div data-wp-interactive=\"core\/file\" class=\"wp-block-file\"><object data-wp-bind--hidden=\"!state.hasPdfPreview\" hidden class=\"wp-block-file__embed\" data=\"https:\/\/www.cip-icu.ca\/wp-content\/uploads\/2023\/11\/SS-08-Sea-Level-Rise-Doesnt-Stop-at-Jurisdictional-Borders_July-6_11-1215-Final-PPTX-1.pdf\" type=\"application\/pdf\" style=\"width:100%;height:600px\" aria-label=\"Embed of SS-08-Sea-Level-Rise-Doesnt-Stop-at-Jurisdictional-Borders_July-6_11-1215-Final-PPTX-1.\"><\/object><a id=\"wp-block-file--media-4950bfa3-be67-40e2-8b7b-d9a38e6a5d91\" href=\"https:\/\/www.cip-icu.ca\/wp-content\/uploads\/2023\/11\/SS-08-Sea-Level-Rise-Doesnt-Stop-at-Jurisdictional-Borders_July-6_11-1215-Final-PPTX-1.pdf\">SS-08-Sea-Level-Rise-Doesnt-Stop-at-Jurisdictional-Borders_July-6_11-1215-Final-PPTX-1<\/a><a href=\"https:\/\/www.cip-icu.ca\/wp-content\/uploads\/2023\/11\/SS-08-Sea-Level-Rise-Doesnt-Stop-at-Jurisdictional-Borders_July-6_11-1215-Final-PPTX-1.pdf\" class=\"wp-block-file__button wp-element-button\" download=\"\" aria-describedby=\"wp-block-file--media-4950bfa3-be67-40e2-8b7b-d9a38e6a5d91\">T\u00e9l\u00e9charger<\/a><\/div>\n","protected":false},"excerpt":{"rendered":"<p>Cette pr\u00e9sentation en panel partagera l&#8217;exp\u00e9rience du d\u00e9veloppement de la premi\u00e8re strat\u00e9gie multi-juridictionnelle sur l&#8217;\u00e9l\u00e9vation du niveau de la mer dans la r\u00e9gion m\u00e9tropolitaine de&hellip;<\/p>\n","protected":false},"author":14,"featured_media":0,"comment_status":"closed","ping_status":"closed","template":"","learning_hub_category":[138,137],"learning_hub_tag":[130,135],"class_list":["post-22867","learning-hub","type-learning-hub","status-publish","hentry","learning_hub_category-document-fr","learning_hub_category-video-fr","learning_hub_tag-changement-climatique","learning_hub_tag-conference-fr"],"acf":[],"_links":{"self":[{"href":"https:\/\/www.cip-icu.ca\/fr\/wp-json\/wp\/v2\/learning-hub\/22867","targetHints":{"allow":["GET"]}}],"collection":[{"href":"https:\/\/www.cip-icu.ca\/fr\/wp-json\/wp\/v2\/learning-hub"}],"about":[{"href":"https:\/\/www.cip-icu.ca\/fr\/wp-json\/wp\/v2\/types\/learning-hub"}],"author":[{"embeddable":true,"href":"https:\/\/www.cip-icu.ca\/fr\/wp-json\/wp\/v2\/users\/14"}],"replies":[{"embeddable":true,"href":"https:\/\/www.cip-icu.ca\/fr\/wp-json\/wp\/v2\/comments?post=22867"}],"wp:attachment":[{"href":"https:\/\/www.cip-icu.ca\/fr\/wp-json\/wp\/v2\/media?parent=22867"}],"wp:term":[{"taxonomy":"learning_hub_category","embeddable":true,"href":"https:\/\/www.cip-icu.ca\/fr\/wp-json\/wp\/v2\/learning_hub_category?post=22867"},{"taxonomy":"learning_hub_tag","embeddable":true,"href":"https:\/\/www.cip-icu.ca\/fr\/wp-json\/wp\/v2\/learning_hub_tag?post=22867"}],"curies":[{"name":"wp","href":"https:\/\/api.w.org\/{rel}","templated":true}]}}