{"id":22890,"date":"2022-07-07T04:35:00","date_gmt":"2022-07-07T08:35:00","guid":{"rendered":"https:\/\/www.cip-icu.ca\/learning-hub\/elevation-2-0-ss-38-de-la-planification-reactive-a-la-planification-proactive-des-premieres-nations-lecons-tirees-du-projet-metlakatla\/"},"modified":"2023-11-21T09:51:58","modified_gmt":"2023-11-21T17:51:58","slug":"elevation-2-0-ss-38-de-la-planification-reactive-a-la-planification-proactive-des-premieres-nations-lecons-tirees-du-projet-metlakatla","status":"publish","type":"learning-hub","link":"https:\/\/www.cip-icu.ca\/fr\/learning-hub\/elevation-2-0-ss-38-de-la-planification-reactive-a-la-planification-proactive-des-premieres-nations-lecons-tirees-du-projet-metlakatla\/","title":{"rendered":"\u00c9l\u00e9vation 2.0 &#8211; SS-38 : De la planification r\u00e9active \u00e0 la planification proactive des Premi\u00e8res nations : Le\u00e7ons tir\u00e9es du projet Metlakatla"},"content":{"rendered":"\n<p class=\"lede\">Cette session examinera comment la Premi\u00e8re nation Metlakatla, dans le nord-ouest de la Colombie-Britannique, a d\u00e9velopp\u00e9 un syst\u00e8me de planification innovant pour g\u00e9rer les impacts du d\u00e9veloppement et atteindre les objectifs de la communaut\u00e9. Au cours des sept ann\u00e9es qui ont suivi le lancement du programme de gestion des effets cumulatifs (CEM) de Metlakatla, la ville a \u00e9t\u00e9 reconnue comme un chef de file en mati\u00e8re de planification communautaire des effets cumulatifs, salu\u00e9e comme une initiative de planification in\u00e9dite men\u00e9e par des autochtones. Les pr\u00e9sentateurs ont travaill\u00e9 avec les Metlakatla pour d\u00e9velopper ce programme. Ils d\u00e9criront le syst\u00e8me de planification et partageront des histoires et des le\u00e7ons tir\u00e9es de l&#8217;exp\u00e9rience de Metlakatla avec une s\u00e9rie d&#8217;\u00e9tudes de cas couvrant les strat\u00e9gies de logement hors r\u00e9serve, les valeurs et les indicateurs de sant\u00e9, et la gestion de l&#8217;\u00e9nergie. Trois cl\u00e9s du succ\u00e8s seront mises en \u00e9vidence : (1) passer d&#8217;une planification r\u00e9active \u00e0 une planification proactive en \u00e9tablissant des objectifs et des cibles communautaires ; (2) d\u00e9velopper des strat\u00e9gies pour atteindre les objectifs avec des d\u00e9clencheurs de gestion \u00e0 plusieurs niveaux et des plans d&#8217;action ; et (3) l&#8217;apprentissage et le suivi continus. La pr\u00e9sentation illustrera la mani\u00e8re dont les valeurs et les pratiques indig\u00e8nes ont constitu\u00e9 la base du syst\u00e8me de planification et le r\u00f4le des strat\u00e9gies dans la r\u00e9alisation des objectifs.<\/p>\n\n\n","protected":false},"excerpt":{"rendered":"<p>Cette session examinera comment la Premi\u00e8re nation Metlakatla, dans le nord-ouest de la Colombie-Britannique, a d\u00e9velopp\u00e9 un syst\u00e8me de planification innovant pour g\u00e9rer les impacts&hellip;<\/p>\n","protected":false},"author":14,"featured_media":0,"comment_status":"closed","ping_status":"closed","template":"","learning_hub_category":[138],"learning_hub_tag":[135,133],"class_list":["post-22890","learning-hub","type-learning-hub","status-publish","hentry","learning_hub_category-document-fr","learning_hub_tag-conference-fr","learning_hub_tag-reconciliation-fr"],"acf":[],"_links":{"self":[{"href":"https:\/\/www.cip-icu.ca\/fr\/wp-json\/wp\/v2\/learning-hub\/22890","targetHints":{"allow":["GET"]}}],"collection":[{"href":"https:\/\/www.cip-icu.ca\/fr\/wp-json\/wp\/v2\/learning-hub"}],"about":[{"href":"https:\/\/www.cip-icu.ca\/fr\/wp-json\/wp\/v2\/types\/learning-hub"}],"author":[{"embeddable":true,"href":"https:\/\/www.cip-icu.ca\/fr\/wp-json\/wp\/v2\/users\/14"}],"replies":[{"embeddable":true,"href":"https:\/\/www.cip-icu.ca\/fr\/wp-json\/wp\/v2\/comments?post=22890"}],"wp:attachment":[{"href":"https:\/\/www.cip-icu.ca\/fr\/wp-json\/wp\/v2\/media?parent=22890"}],"wp:term":[{"taxonomy":"learning_hub_category","embeddable":true,"href":"https:\/\/www.cip-icu.ca\/fr\/wp-json\/wp\/v2\/learning_hub_category?post=22890"},{"taxonomy":"learning_hub_tag","embeddable":true,"href":"https:\/\/www.cip-icu.ca\/fr\/wp-json\/wp\/v2\/learning_hub_tag?post=22890"}],"curies":[{"name":"wp","href":"https:\/\/api.w.org\/{rel}","templated":true}]}}