{"id":24606,"date":"2023-11-21T13:18:52","date_gmt":"2023-11-21T21:18:52","guid":{"rendered":"https:\/\/www.cip-icu.ca\/enonce-de-politique-nationale-sur-la-planification-en-matiere-de-changements-climatiques\/"},"modified":"2023-12-28T11:43:43","modified_gmt":"2023-12-28T19:43:43","slug":"enonce-de-politique-nationale-sur-la-planification-en-matiere-de-changements-climatiques","status":"publish","type":"page","link":"https:\/\/www.cip-icu.ca\/fr\/enonce-de-politique-nationale-sur-la-planification-en-matiere-de-changements-climatiques\/","title":{"rendered":"\u00c9nonc\u00e9 de politique nationale sur la planification en mati\u00e8re de changements climatiques"},"content":{"rendered":"\n<div style=\"height:100px\" aria-hidden=\"true\" class=\"wp-block-spacer\"><\/div>\n\n\n\n<h1 class=\"wp-block-heading\">\u00c9nonc\u00e9 de politique nationale sur la planification en mati\u00e8re de <strong><mark style=\"background-color:rgba(0, 0, 0, 0)\" class=\"has-inline-color has-green-2-color\">changements climatiques<\/mark><\/strong><\/h1>\n\n\n\n<p class=\"lede\">Notre politique en mati\u00e8re de changement climatique d\u00e9finit le r\u00f4le que joue la planification pour relever les d\u00e9fis complexes du changement climatique et appelle les urbanistes \u00e0 agir pour cr\u00e9er des communaut\u00e9s r\u00e9silientes et contribuant \u00e0 la stabilit\u00e9 du climat.<\/p>\n\n\n\n<p>L\u2019\u00e9laboration de la politique, sous la gouverne du comit\u00e9 sur les changements climatiques de l\u2019ICU, s\u2019est appuy\u00e9e sur de vastes consultations approfondies men\u00e9es \u00e0 l\u2019aide d\u2019entrevues, de questionnaires et de groupes de r\u00e9flexion avec des urbanistes professionnels, des chercheurs en changements climatiques, des groupes de d\u00e9fense et d\u2019autres organismes partenaires.<\/p>\n\n\n\n<div style=\"height:25px\" aria-hidden=\"true\" class=\"wp-block-spacer\"><\/div>\n\n\n\n<div class=\"wp-block-file\"><a id=\"wp-block-file--media-212e6812-0a07-40db-b7d9-d8aa900c7908\" href=\"https:\/\/www.cip-icu.ca\/wp-content\/uploads\/2023\/12\/policy-climate-fr-2023-new-branding-edit.pdf\" target=\"_blank\" rel=\"noreferrer noopener\">\u00c9nonc\u00e9 de politique nationale sur la planification en mati\u00e8re de changements climatiques<\/a><a href=\"https:\/\/www.cip-icu.ca\/wp-content\/uploads\/2023\/12\/policy-climate-fr-2023-new-branding-edit.pdf\" class=\"wp-block-file__button wp-element-button\" download aria-describedby=\"wp-block-file--media-212e6812-0a07-40db-b7d9-d8aa900c7908\"><mark style=\"background-color:rgba(0, 0, 0, 0)\" class=\"has-inline-color has-white-color\">T\u00e9l\u00e9charger<\/mark><\/a><\/div>\n\n\n\n<div style=\"height:40px\" aria-hidden=\"true\" class=\"wp-block-spacer\"><\/div>\n\n\n\n<h2 class=\"wp-block-heading\"><strong>Contexte de la politique <\/strong><\/h2>\n\n\n\n<p>Le climat change \u00e0 l\u2019\u00e9chelle de la plan\u00e8te, et ces changements entra\u00eenent des dangers accrus, des conditions m\u00e9t\u00e9orologiques extr\u00eames et des transformations dans l\u2019environnement physique du Canada et ailleurs. Le public est de plus en plus sensibilis\u00e9 et il existe un appui mondial \u00e0 la prise de mesures visant \u00e0 contrer les changements climatiques, et des cibles ont \u00e9t\u00e9 adopt\u00e9es au Canada et \u00e0 l\u2019\u00e9chelle internationale. L\u2019atteinte de ces cibles exige une action imm\u00e9diate et r\u00e9solue de tous les ordres de gouvernement et de tous les groupes et secteurs de la soci\u00e9t\u00e9.  <\/p>\n\n\n\n<p>L\u2019Institut canadien des urbanistes (ICU) reconna\u00eet que la planification en mati\u00e8re de changements climatiques (c\u2019est-\u00e0-dire la planification en fonction des donn\u00e9es sur les changements climatiques) rel\u00e8ve de tous les urbanistes, peu importe que leur domaine de travail soit l\u2019\u00e9nergie, l\u2019am\u00e9nagement du territoire, les transports, les infrastructures ou l\u2019am\u00e9nagement des collectivit\u00e9s. R\u00e9duire les \u00e9missions et se pr\u00e9parer aux effets in\u00e9vitables des changements climatiques exigent une r\u00e9orientation radicale de la fa\u00e7on dont nos collectivit\u00e9s sont construites et fonctionnent. La planification en mati\u00e8re de changements climatiques implique l\u2019att\u00e9nuation des changements climatiques futurs, surtout par la r\u00e9duction des gaz \u00e0 effet de serre, l\u2019adaptation aux changements actuels et pr\u00e9vus dans l\u2019environnement et la mise en \u0153uvre de mesures visant \u00e0 r\u00e9duire les risques de catastrophe.  <\/p>\n\n\n\n<p>La planification en fonction des donn\u00e9es sur les changements climatiques doit trouver l\u2019\u00e9quilibre entre de multiples consid\u00e9rations qui, parfois, se font concurrence. Les interventions doivent \u00e9viter d\u2019imposer un plus grand fardeau \u00e0 des populations d\u00e9j\u00e0 vuln\u00e9rables, dont les Autochtones, les jeunes et les personnes \u00e2g\u00e9es, ainsi que les personnes qui vivent dans des communaut\u00e9s tributaires des ressources ou dans des r\u00e9gions \u00e9loign\u00e9es. Il arrive que les mesures prises pour att\u00e9nuer les changements climatiques soient incompatibles avec les mesures d\u2019adaptation, et le traitement des diff\u00e9rents risques li\u00e9s au climat peut mener \u00e0 des solutions qui peuvent sembler contradictoires. La complexit\u00e9 et l\u2019\u00e9tendue des changements climatiques exigent une approche de collaboration int\u00e9gr\u00e9e. Les urbanistes sont particuli\u00e8rement bien plac\u00e9s pour rassembler les responsables, les citoyens et les professions apparent\u00e9es dans un programme de planification orient\u00e9e vers l\u2019\u00e9quit\u00e9.    <\/p>\n\n\n\n<div style=\"height:40px\" aria-hidden=\"true\" class=\"wp-block-spacer\"><\/div>\n\n\n\n<div class=\"wp-block-group has-white-color has-green-2-background-color has-text-color has-background has-link-color wp-elements-17e0cf74298bf23f884dc5c5dff5cf26\"><div class=\"wp-block-group__inner-container is-layout-constrained wp-block-group-is-layout-constrained\">\n<h2 class=\"wp-block-heading\"><strong>Qu\u2019est-ce que la planification en mati\u00e8re de changements climatiques?<\/strong><\/h2>\n\n\n\n<p>Le terme \u00ab planification en mati\u00e8re de changements climatiques \u00bb signifie une planification en fonction des donn\u00e9es sur les changements climatiques et d\u00e9signe des activit\u00e9s de planification qui visent \u00e0 att\u00e9nuer les changements climatiques ou \u00e0 s\u2019y adapter. Ces activit\u00e9s ne sont pas que le travail de quelques sp\u00e9cialistes; elles englobent tous les aspects de la planification, y compris la planification \u00e9nerg\u00e9tique, la planification de l\u2019utilisation du territoire et la planification communautaire en plus de l\u2019\u00e9laboration de plans pr\u00e9cis d\u2019adaptation et d\u2019att\u00e9nuation relativement aux changements climatiques. <\/p>\n<\/div><\/div>\n\n\n\n<div style=\"height:40px\" aria-hidden=\"true\" class=\"wp-block-spacer\"><\/div>\n\n\n\n<h2 class=\"wp-block-heading\"><strong>But de la politique <\/strong><\/h2>\n\n\n\n<p>L\u2019ICU envisage un avenir o\u00f9 la planification, la conception, l\u2019am\u00e9nagement et la gestion des collectivit\u00e9s canadiennes contribuent \u00e0 stabiliser le climat et \u00e0 renforcer la r\u00e9silience devant les changements climatiques in\u00e9vitables et, du coup, \u00e0 favoriser des collectivit\u00e9s plus prosp\u00e8res et \u00e9quitables o\u00f9 il fait bon vivre.<\/p>\n\n\n\n<div style=\"height:40px\" aria-hidden=\"true\" class=\"wp-block-spacer\"><\/div>\n\n\n\n<h2 class=\"wp-block-heading\"><strong>Objectifs de la politique <\/strong><\/h2>\n\n\n\n<p>ur atteindre le but de sa politique en mati\u00e8re de changements climatiques, l\u2019ICU appuie les objectifs suivants pour ce qui est de l\u2019environnement b\u00e2ti, naturel et social :<\/p>\n\n\n\n<h3 class=\"wp-block-heading has-regular-font-size\"><strong>L\u2019environnement b\u00e2ti <\/strong><\/h3>\n\n\n\n<ul class=\"wp-block-list\">\n<li>Les collectivit\u00e9s int\u00e8grent des consid\u00e9rations d\u2019att\u00e9nuation et d\u2019adaptation ainsi que de r\u00e9duction des risques de catastrophe dans tous les projets locaux et r\u00e9gionaux d\u2019am\u00e9nagement et de d\u00e9finition des intentions.<\/li>\n\n\n\n<li>Les milieux urbains sont denses et propices \u00e0 la marche, et les quartiers dans toutes les collectivit\u00e9s pr\u00e9sentent des utilisations mixtes du territoire afin de r\u00e9duire les \u00e9missions et l\u2019infrastructure li\u00e9es au transport. <\/li>\n\n\n\n<li>Les collectivit\u00e9s ont en place des syst\u00e8mes de transport multimodaux robustes, dont des infrastructures pour le transport actif, le transport collectif et les nouvelles technologies de v\u00e9hicules \u00e0 \u00e9missions nulles. <\/li>\n\n\n\n<li>Les nouveaux projets et les projets actuels dans les domaines r\u00e9sidentiel, commercial et industriel ont un niveau de consommation \u00e9nerg\u00e9tique et d\u2019\u00e9missions nul ou presque nul et \u00e9vitent d\u2019introduire des vuln\u00e9rabilit\u00e9s au climat (p. ex., pas de constructions sur la c\u00f4te ou dans les plaines inondables). <\/li>\n\n\n\n<li>Les organismes r\u00e9gionaux et m\u00e9tropolitains ont adopt\u00e9 des strat\u00e9gies robustes pour int\u00e9grer des consid\u00e9rations li\u00e9es aux changements climatiques dans les nouveaux projets \u00e0 mesure que les villes grandissent et que leurs limites changent. <\/li>\n\n\n\n<li>Les syst\u00e8mes de gestion des d\u00e9chets sont configur\u00e9s de fa\u00e7on \u00e0 r\u00e9duire les \u00e9missions de gaz \u00e0 effet de serre dans le transport et l\u2019\u00e9limination des mati\u00e8res us\u00e9es.<\/li>\n\n\n\n<li>Les collectivit\u00e9s sont con\u00e7ues pour soutenir l\u2019\u00e9conomie circulaire, laquelle minimise la quantit\u00e9 de mati\u00e8res vierges utilis\u00e9es, l\u2019\u00e9nergie utilis\u00e9e dans la fabrication et la production de d\u00e9chets au cours du cycle de vie des biens.<\/li>\n\n\n\n<li>Les collectivit\u00e9s collaborent avec les services publics pour favoriser les \u00e9conomies d\u2019\u00e9nergie et l\u2019efficacit\u00e9 \u00e9nerg\u00e9tique ainsi que l\u2019int\u00e9gration des ressources \u00e9nerg\u00e9tiques distribu\u00e9es, surtout dans les r\u00e9gions \u00e9loign\u00e9es, ce qui peut comprendre les technologies et les syst\u00e8mes d\u2019\u00e9nergie renouvelable et d\u2019\u00e9nergie thermique. <\/li>\n<\/ul>\n\n\n\n<div style=\"height:25px\" aria-hidden=\"true\" class=\"wp-block-spacer\"><\/div>\n\n\n\n<h3 class=\"wp-block-heading has-regular-font-size\"><strong>Environnement naturel et environnement rural <\/strong><\/h3>\n\n\n\n<ul class=\"wp-block-list\">\n<li>Les collectivit\u00e9s \u00e9valuent, priorisent et att\u00e9nuent les risques pos\u00e9s par les \u00e9v\u00e9nements extr\u00eames (p. ex., inondations, incendies de for\u00eat). <\/li>\n\n\n\n<li>Dans les r\u00e9gions o\u00f9 le milieu physique est en changement (p. ex., hausse du niveau de la mer, fonte du perg\u00e9lisol), l\u2019utilisation du territoire et les infrastructures sont adapt\u00e9es aux nouvelles conditions changeantes. <\/li>\n\n\n\n<li>Devant les changements dans les temp\u00e9ratures et les r\u00e9gimes de pr\u00e9cipitations, les ressources en eau sont prot\u00e9g\u00e9es et leur utilisation est planifi\u00e9e. <\/li>\n\n\n\n<li>Le r\u00f4le vital jou\u00e9 par les espaces naturels et leurs caract\u00e9ristiques \u00e9cologiques, y compris la biodiversit\u00e9, est reconnu dans l\u2019adaptation aux effets des changements climatiques, et ces espaces sont prot\u00e9g\u00e9s en cons\u00e9quence. <\/li>\n\n\n\n<li>Les urbanistes appuient les syst\u00e8mes alimentaires durables et cherchent \u00e0 att\u00e9nuer les \u00e9missions produites par le secteur agricole. <\/li>\n<\/ul>\n\n\n\n<div style=\"height:25px\" aria-hidden=\"true\" class=\"wp-block-spacer\"><\/div>\n\n\n\n<h3 class=\"wp-block-heading has-regular-font-size\"><strong>L\u2019environnement social <\/strong><\/h3>\n\n\n\n<ul class=\"wp-block-list\">\n<li>Les opinions du public et des professionnels au sujet des changements climatiques s\u2019appuient sans r\u00e9serve sur des preuves scientifiques, ce qui contribue \u00e0 un engagement soci\u00e9tal \u00e9largi envers la r\u00e9duction des effets des changements climatiques.<\/li>\n\n\n\n<li>Les solutions propos\u00e9es pour lutter contre les changements climatiques appuient le d\u00e9veloppement social et le bien-\u00eatre de l\u2019ensemble des citoyens.<\/li>\n\n\n\n<li>Les collectivit\u00e9s deviennent plus agr\u00e9ables \u00e0 vivre et plus prosp\u00e8res \u00e0 mesure qu\u2019elles adoptent des solutions en mati\u00e8re de changements climatiques qui renforcent les autres principes d\u2019une bonne planification. <\/li>\n\n\n\n<li>Les effets des changements climatiques et des dangers connexes sur la sant\u00e9 mentale (stress post-traumatique, anxi\u00e9t\u00e9, etc.) et sur la sant\u00e9 de la soci\u00e9t\u00e9 (fragmentation sociale, sentiment d\u2019appartenance qui s\u2019effrite, etc.) sont minimis\u00e9s. <\/li>\n\n\n\n<li>Le savoir autochtone local et les traditions en mati\u00e8re d\u2019am\u00e9nagement sont int\u00e9gr\u00e9s \u00e0 la planification dans le respect des droits des peuples autochtones.<\/li>\n<\/ul>\n\n\n\n<div style=\"height:40px\" aria-hidden=\"true\" class=\"wp-block-spacer\"><\/div>\n\n\n\n<h2 class=\"wp-block-heading\"><strong>Le r\u00f4le des urbanistes<\/strong><\/h2>\n\n\n\n<p>L\u2019ICU reconna\u00eet que les urbanistes ont un r\u00f4le essentiel \u00e0 jouer dans la r\u00e9duction des \u00e9missions de GES provenant des secteurs de l\u2019\u00e9nergie, du logement, des transports, de la gestion des d\u00e9chets et de l\u2019agriculture et dans l\u2019adaptation des collectivit\u00e9s aux changements dans l\u2019environnement qui se produisent d\u00e9j\u00e0 et qui continueront probablement \u00e0 se produire. Par cons\u00e9quent, les urbanistes sont tenus de respecter les obligations professionnelles suivantes :  <\/p>\n\n\n\n<h3 class=\"wp-block-heading has-regular-font-size\"><strong>Assurer la prise de d\u00e9cisions efficaces <\/strong><\/h3>\n\n\n\n<ul class=\"wp-block-list\">\n<li>Agir dans l\u2019int\u00e9r\u00eat du public en int\u00e9grant des mesures d\u2019att\u00e9nuation des changements climatiques et des mesures d\u2019adaptation \u00e0 leurs effets dans toutes les d\u00e9cisions qui concernent la planification.<\/li>\n\n\n\n<li>D\u00e9fendre des solutions en mati\u00e8re de changements climatiques qui neutralisent, au lieu d\u2019exacerber, les effets sur les groupes vuln\u00e9rables et les r\u00e9gions qui manquent de ressources.<\/li>\n\n\n\n<li>Conna\u00eetre les cibles et les cadres de r\u00e9duction des \u00e9missions du gouvernement f\u00e9d\u00e9ral ainsi que les cibles locales, r\u00e9gionales et provinciales\/territoriales l\u00e0 o\u00f9 elles existent et faire avancer les politiques et la r\u00e9glementation qui favorisent l\u2019atteinte de ces objectifs. <\/li>\n\n\n\n<li>Conna\u00eetre les projections en mati\u00e8re de climat et de dangers dans leur r\u00e9gion et prendre des d\u00e9cisions en cons\u00e9quence. <\/li>\n\n\n\n<li>Int\u00e9grer de la souplesse et de la redondance dans leurs plans pour tenir compte de l\u2019augmentation des \u00e9v\u00e9nements perturbateurs et impr\u00e9visibles. <\/li>\n\n\n\n<li>Planifier en cas de sc\u00e9narios les plus d\u00e9favorables et int\u00e9grer des mesures de r\u00e9duction des risques dans leurs plans, conform\u00e9ment au principe de pr\u00e9caution ou \u00e0 l\u2019approche \u00ab sans regret \u00bb de la prise de d\u00e9cision. <\/li>\n\n\n\n<li>Fonder les conseils en mati\u00e8re de planification sur des donn\u00e9es et des projections climatiques qui proviennent de sources fiables.<\/li>\n\n\n\n<li>Dans la mesure du possible, utiliser des mesures et des approches \u00e9prouv\u00e9es pour la collecte des donn\u00e9es afin de faciliter l\u2019\u00e9change de donn\u00e9es avec autres collectivit\u00e9s;<\/li>\n\n\n\n<li>Dans leur pratique professionnelle, montrer par l\u2019exemple ce qu\u2019est une prise de d\u00e9cision respectueuse de l\u2019environnement.<\/li>\n\n\n\n<li>Assurer un maximum de transparence du processus d\u00e9cisionnel pour am\u00e9liorer l\u2019engagement de la collectivit\u00e9 et la reddition de comptes.<\/li>\n<\/ul>\n\n\n\n<div style=\"height:25px\" aria-hidden=\"true\" class=\"wp-block-spacer\"><\/div>\n\n\n\n<h3 class=\"wp-block-heading has-regular-font-size\"><strong>Collaboration intersectorielle <\/strong><\/h3>\n\n\n\n<ul class=\"wp-block-list\">\n<li>Favoriser une collaboration intersectorielle, interminist\u00e9rielle et intergouvernementale pour assurer une approche int\u00e9gr\u00e9e et globale de la planification en mati\u00e8re de changements climatiques, et mettre en \u0153uvre des politiques efficaces relativement aux changements climatiques, \u00e0 l\u2019\u00e9nergie, \u00e0 la durabilit\u00e9 et autres enjeux similaires.<\/li>\n\n\n\n<li>Collaborer entre urbanistes et avec d\u2019autres professionnels \u2013 architectes paysagistes, architectes, ing\u00e9nieurs, scientifiques de l\u2019environnement, professionnels de la sant\u00e9 publique, premiers r\u00e9pondants, etc. \u2013 \u00e0 l\u2019\u00e9laboration de solutions d\u2019adaptation et d\u2019att\u00e9nuation pour lutter contre les changements climatiques.<\/li>\n\n\n\n<li>Chercher \u00e0 d\u00e9velopper un langage commun et des relations de travail avec d\u2019autres qui s\u2019int\u00e9ressent aux changements climatiques pour \u00e9viter les approches cloisonn\u00e9es.<\/li>\n\n\n\n<li>Collaborer avec d\u2019autres professionnels pour surveiller les cons\u00e9quences des d\u00e9cisions de planification li\u00e9es \u00e0 l\u2019att\u00e9nuation des GES et les progr\u00e8s en mati\u00e8re d\u2019adaptation aux changements climatiques, et r\u00e9viser les plans et les politiques en cons\u00e9quence.<\/li>\n<\/ul>\n\n\n\n<div style=\"height:25px\" aria-hidden=\"true\" class=\"wp-block-spacer\"><\/div>\n\n\n\n<h3 class=\"wp-block-heading has-regular-font-size\"><strong>Rallier les peuples autochtones, les intervenants, les jeunes et le grand public<\/strong><\/h3>\n\n\n\n<ul class=\"wp-block-list\">\n<li>Consulter et rallier les \u00e9lus et les dirigeants, le secteur priv\u00e9, les collectivit\u00e9s autochtones et non autochtones, les jeunes et le grand public dans tous les aspects de la planification en mati\u00e8re de changements climatiques. <\/li>\n\n\n\n<li>Avoir des relations inclusives et respectueuses avec les peuples autochtones en s\u2019effor\u00e7ant d\u2019encourager la compr\u00e9hension, la validation et le respect du savoir et des pratiques culturelles autochtones pour assurer des d\u00e9cisions et des interventions qui sont pertinentes et appropri\u00e9es sur le plan culturel.<\/li>\n\n\n\n<li>Veiller \u00e0 ce que les points de vue des communaut\u00e9s et populations vuln\u00e9rables soient activement pris en consid\u00e9ration dans les processus de planification et refl\u00e9t\u00e9s dans les solutions adopt\u00e9es en mati\u00e8re de changements climatiques.<\/li>\n\n\n\n<li>Travailler avec les partenaires concern\u00e9s pour \u00e9laborer des strat\u00e9gies de communication efficaces visant \u00e0 informer le public sur les mesures d\u2019att\u00e9nuation, d\u2019adaptation ou d\u2019intervention qui exigent que le public en soit inform\u00e9 ou y soit pr\u00e9par\u00e9.<\/li>\n\n\n\n<li>Ne pas craindre de mettre \u00e0 l\u2019essai des m\u00e9thodes et des technologies novatrices pour cr\u00e9er un dialogue et collaborer avec le public et les groupes d\u2019int\u00e9r\u00eat.<\/li>\n\n\n\n<li>Communiquer de l\u2019information aux \u00e9lus &#8211; et au public &#8211; pour expliquer comment la planification en mati\u00e8re de changements climatiques renforcera les collectivit\u00e9s et apportera des avantages sur le plan de l\u2019\u00e9conomie, de l\u2019environnement et de la soci\u00e9t\u00e9.<\/li>\n\n\n\n<li>Tirer parti du travail fait par l\u2019ICU \u00e0 l\u2019\u00e9chelle nationale afin d\u2019am\u00e9liorer la sensibilisation et le soutien du public envers la planification en mati\u00e8re de changements climatiques en faisant la promotion des multiples avantages des solutions propos\u00e9es.<\/li>\n\n\n\n<li>Encourager les administrations locales, les gouvernements provinciaux et territoriaux et le gouvernement f\u00e9d\u00e9ral \u00e0 mettre \u00e0 jour les normes en mati\u00e8re d\u2019am\u00e9nagement, les r\u00e8glements d\u2019urbanisme et les mesures d\u2019encouragement de fa\u00e7on \u00e0 assurer l\u2019adaptation et \u00e0 r\u00e9duire les \u00e9missions.<\/li>\n\n\n\n<li>Encourager le secteur du d\u00e9veloppement et les services publics \u00e0 mettre \u00e0 jour leurs mod\u00e8les d\u2019affaires et leurs processus de planification pour stimuler l\u2019att\u00e9nuation et l\u2019adaptation en mati\u00e8re de changements climatiques. <\/li>\n<\/ul>\n\n\n\n<div style=\"height:40px\" aria-hidden=\"true\" class=\"wp-block-spacer\"><\/div>\n\n\n\n<div class=\"wp-block-group has-white-color has-green-2-background-color has-text-color has-background has-link-color wp-elements-e440fc2c91e49c5cb516928e1f8bd472\"><div class=\"wp-block-group__inner-container is-layout-constrained wp-block-group-is-layout-constrained\">\n<h2 class=\"wp-block-heading\"><strong>Appel \u00e0 l\u2019action <\/strong><\/h2>\n\n\n\n<p>Le climat change \u00e0 l\u2019\u00e9chelle de la plan\u00e8te, et ces changements entra\u00eenent des risques accrus, des conditions m\u00e9t\u00e9orologiques extr\u00eames et des transformations dans l\u2019environnement physique des collectivit\u00e9s canadiennes. L\u2019ICU reconna\u00eet que les urbanistes ont l\u2019obligation \u00e9thique de tenir compte des changements climatiques dans leurs pratiques, et il s\u2019efforce d\u2019assurer aux membres l\u2019acc\u00e8s aux ressources, aux donn\u00e9es, \u00e0 la formation et autres mesures de soutien dont ils ont besoin pour le faire. Par ailleurs, l\u2019ICU est d\u00e9termin\u00e9e \u00e0 collaborer avec d\u2019autres professions, les associations d\u2019urbanisme, les gouvernements, les parties prenantes et le grand public pour contribuer \u00e0 la lutte contre les changements climatiques auxquels les Canadiens font face.  <\/p>\n<\/div><\/div>\n\n\n\n<div style=\"height:40px\" aria-hidden=\"true\" class=\"wp-block-spacer\"><\/div>\n\n\n\n<h2 class=\"wp-block-heading\"><strong>Le r\u00f4le de l\u2019ICU <\/strong><\/h2>\n\n\n\n<p>L\u2019ICU croit fermement que la lutte aux changements climatiques est un aspect essentiel de la planification dans l\u2019int\u00e9r\u00eat du public. Pour appuyer la mise en \u0153uvre de la politique, l\u2019ICU prendra les mesures suivantes pour s\u2019assurer que l\u2019organisme contribue \u00e0 l\u2019avancement d\u2019une planification qui tient compte des changements climatiques :  <\/p>\n\n\n\n<ul class=\"wp-block-list\">\n<li>Promouvoir la planification en mati\u00e8re de changements climatiques dans ses communications, la d\u00e9fense de ses politiques, les normes de formation, les activit\u00e9s de perfectionnement professionnel et son travail aupr\u00e8s d\u2019autres professions.<\/li>\n\n\n\n<li>Faire de l\u2019\u00e9tablissement et du renforcement de partenariats avec d\u2019autres organismes professionnels une priorit\u00e9 dans son approche de la planification en mati\u00e8re de changements climatiques.<\/li>\n\n\n\n<li>Veiller \u00e0 ce que les urbanistes aient acc\u00e8s aux ressources, aux donn\u00e9es, \u00e0 la formation et autres moyens de soutien n\u00e9cessaires pour pleinement int\u00e9grer le prisme des changements climatiques \u00e0 leur travail. <\/li>\n\n\n\n<li>R\u00e9clamer \u00e0 l\u2019\u00e9chelle f\u00e9d\u00e9rale et internationale des politiques et des mesures qui contribuent \u00e0 une planification plus robuste en mati\u00e8re de changements climatiques. <\/li>\n\n\n\n<li>Envisager la mise en \u0153uvre d\u2019autres priorit\u00e9s en fonction d\u2019une analyse du contexte et d\u2019un sondage aupr\u00e8s des membres r\u00e9alis\u00e9s tous les ans.<\/li>\n<\/ul>\n\n\n\n<div style=\"height:40px\" aria-hidden=\"true\" class=\"wp-block-spacer\"><\/div>\n\n\n\n<h2 class=\"wp-block-heading\"><strong>\u00c0 propos de cet \u00e9nonc\u00e9 de politique <\/strong><\/h2>\n\n\n\n<p>L\u2019institut canadien des urbanistes (ICU) est un ordre professionnel au service de ses plus de 6 900 membres \u00e0 l\u2019\u00e9chelle nationale qui agit en qualit\u00e9 de porte-parole de la profession au Canada depuis 1919. Les politiques de l\u2019ICU guident le travail quotidien et les projets sp\u00e9ciaux que l\u2019organisme accomplit pour faire avancer les pratiques exemplaires de la profession d\u2019urbaniste au Canada.  L\u2019\u00e9laboration de la politique, sous la gouverne du comit\u00e9 sur les changements climatiques de l\u2019ICU, s\u2019est appuy\u00e9e sur de vastes consultations approfondies men\u00e9es \u00e0 l\u2019aide d\u2019entrevues, de questionnaires et de groupes de r\u00e9flexion avec des urbanistes professionnels, des chercheurs en changements climatiques, des groupes de d\u00e9fense et d\u2019autres organismes partenaires. Le conseil d\u2019administration de l\u2019ICU a ratifi\u00e9 la politique en novembre 2018. <\/p>\n\n\n\n<div style=\"height:40px\" aria-hidden=\"true\" class=\"wp-block-spacer\"><\/div>\n\n\n\n<h2 class=\"wp-block-heading\"><strong>Principaux termes et d\u00e9finitions <\/strong><\/h2>\n\n\n\n<p><strong>Adaptation :<\/strong> d\u00e9signe les interventions visant les syst\u00e8mes naturels et humains qui sont effectu\u00e9es dans le but d\u2019att\u00e9nuer les risques ou de tirer parti des possibilit\u00e9s d\u00e9coulant des changements dans les conditions climatiques.<\/p>\n\n\n\n<p><strong>Changement climatique :<\/strong> d\u00e9signe tout changement syst\u00e9mique dans les \u00e9l\u00e9ments climatiques (p. ex., la temp\u00e9rature, la pression, les vents) qui se poursuit pendant plusieurs d\u00e9cennies, voire plus longtemps. Bien que le climat puisse changer pour diverses raisons, dont les processus internes du syst\u00e8me climatique et les changements dans les \u00e9missions solaires, le consensus scientifique est que la tendance actuelle au r\u00e9chauffement est largement attribuable \u00e0 des facteurs anthropiques (li\u00e9s \u00e0 l\u2019activit\u00e9 humaine). <\/p>\n\n\n\n<p><strong>R\u00e9duction des risques de catastrophe :<\/strong> selon le Bureau des Nations Unies pour la r\u00e9duction des risques de catastrophe (2017), \u00ab La r\u00e9duction des risques de catastrophe vise \u00e0 emp\u00eacher l \u2019apparition de nouveaux risques, \u00e0 r\u00e9duire ceux qui existent d\u00e9j\u00e0 et \u00e0 g\u00e9rer les risques r\u00e9siduels pour renforcer la r\u00e9silience et, partant, contribuer \u00e0 la r\u00e9alisation du d\u00e9veloppement durable \u00bb.<\/p>\n\n\n\n<p><strong>Gaz \u00e0 effet de serre (GES) :<\/strong> d\u00e9signe des gaz pr\u00e9sents dans l\u2019atmosph\u00e8re, naturellement ou produits par l\u2019activit\u00e9 humaine, qui absorbent et \u00e9mettent des radiations \u00e0 des longueurs d\u2019onde pr\u00e9cises du spectre du rayonnement thermique infrarouge. Cette propri\u00e9t\u00e9 cause l\u2019effet de serre, qui emprisonne la chaleur dans l\u2019atmosph\u00e8re terrestre et cause des changements climatiques. Les principaux gaz \u00e0 effet de serre dans l\u2019atmosph\u00e8re terrestre sont la vapeur d\u2019eau (H2O), le dioxyde de carbone (CO2), l\u2019oxyde de diazote (N2O), le m\u00e9thane (CH4) et l\u2019ozone (O3).  <\/p>\n\n\n\n<p><strong>Att\u00e9nuation :<\/strong> d\u00e9signe les interventions visant \u00e0 r\u00e9duire les changements climatiques caus\u00e9s par l\u2019activit\u00e9 humaine et comprend des mesures pour r\u00e9duire les \u00e9missions de gaz \u00e0 effet de serre et renforcer les puits de gaz \u00e0 effet de serre. Les mesures d\u2019att\u00e9nuation servent \u00e0 ralentir le rythme des changements climatiques et offrent des avantages \u00e9conomiques et sociaux connexes. <\/p>\n\n\n\n<p><strong>Approche \u00ab sans regret \u00bb :<\/strong> d\u00e9signe une approche qui int\u00e8gre le principe de pr\u00e9caution, ce qui implique des plans, des actions et des mesures qui prennent en consid\u00e9ration tous les points de vue et facteurs possibles afin d\u2019\u00e9viter ou d\u2019att\u00e9nuer les cons\u00e9quences n\u00e9gatives et les pr\u00e9judices futurs.<\/p>\n\n\n\n<div style=\"height:100px\" aria-hidden=\"true\" class=\"wp-block-spacer\"><\/div>\n","protected":false},"excerpt":{"rendered":"<p>Notre politique en mati\u00e8re de changement climatique d\u00e9finit le r\u00f4le que joue la planification pour relever les d\u00e9fis complexes du changement climatique et appelle les&hellip;<\/p>\n","protected":false},"author":14,"featured_media":0,"parent":0,"menu_order":0,"comment_status":"closed","ping_status":"closed","template":"","meta":{"_acf_changed":false,"footnotes":""},"class_list":["post-24606","page","type-page","status-publish","hentry"],"acf":[],"_links":{"self":[{"href":"https:\/\/www.cip-icu.ca\/fr\/wp-json\/wp\/v2\/pages\/24606","targetHints":{"allow":["GET"]}}],"collection":[{"href":"https:\/\/www.cip-icu.ca\/fr\/wp-json\/wp\/v2\/pages"}],"about":[{"href":"https:\/\/www.cip-icu.ca\/fr\/wp-json\/wp\/v2\/types\/page"}],"author":[{"embeddable":true,"href":"https:\/\/www.cip-icu.ca\/fr\/wp-json\/wp\/v2\/users\/14"}],"replies":[{"embeddable":true,"href":"https:\/\/www.cip-icu.ca\/fr\/wp-json\/wp\/v2\/comments?post=24606"}],"version-history":[{"count":2,"href":"https:\/\/www.cip-icu.ca\/fr\/wp-json\/wp\/v2\/pages\/24606\/revisions"}],"predecessor-version":[{"id":24619,"href":"https:\/\/www.cip-icu.ca\/fr\/wp-json\/wp\/v2\/pages\/24606\/revisions\/24619"}],"wp:attachment":[{"href":"https:\/\/www.cip-icu.ca\/fr\/wp-json\/wp\/v2\/media?parent=24606"}],"curies":[{"name":"wp","href":"https:\/\/api.w.org\/{rel}","templated":true}]}}