{"id":27387,"date":"2024-04-15T12:58:33","date_gmt":"2024-04-15T16:58:33","guid":{"rendered":"https:\/\/www.cip-icu.ca\/?page_id=27387"},"modified":"2026-04-16T10:55:27","modified_gmt":"2026-04-16T14:55:27","slug":"candidats-au-conseil-dadministration","status":"publish","type":"page","link":"https:\/\/www.cip-icu.ca\/fr\/gouvernance\/candidats-au-conseil-dadministration\/","title":{"rendered":"Candidats au conseil d&#8217;administration"},"content":{"rendered":"\n<div style=\"height:140px\" aria-hidden=\"true\" class=\"wp-block-spacer\"><\/div>\n\n\n\n<div class=\"wp-block-columns is-layout-flex wp-container-core-columns-is-layout-9d6595d7 wp-block-columns-is-layout-flex\">\n<div class=\"wp-block-column is-layout-flow wp-block-column-is-layout-flow\" style=\"flex-basis:60%\">\n<h3 class=\"wp-block-heading line-heading-full\">Conseil d\u2019administration <\/h3>\n\n\n\n<h1 class=\"wp-block-heading\">Candidats au conseil d&#8217;administration<\/h1>\n\n\n\n<p class=\"lede\">Conform\u00e9ment au mod\u00e8le de roulement progressif des mandats du conseil d&#8217;administration de l\u2019ICU, cinq des 13 postes sont \u00e0 pourvoir cette ann\u00e9e :<\/p>\n\n\n\n<p><strong>Postes \u00e0 pourvoir :<\/strong><\/p>\n\n\n\n<ul class=\"wp-block-list\">\n<li>R\u00e9gion 3 : Saskatchewan<\/li>\n\n\n\n<li>R\u00e9gion 4 : Manitoba<\/li>\n\n\n\n<li>Universitaire<\/li>\n\n\n\n<li>\u00c9tudiant<\/li>\n\n\n\n<li>Directeur g\u00e9n\u00e9ral<\/li>\n<\/ul>\n\n\n\n<p>Dur\u00e9e du mandat : tous les postes ont un mandat de trois ans, sauf le poste d\u2019\u00e9tudiant qui a un mandat de deux ans.<\/p>\n\n\n\n<p>Ceux et celles qui recueilleront le plus de votes pour chaque poste seront pr\u00e9sent\u00e9s comme faisant partie de la liste officielle de candidats pour ratification lors de l\u2019AGA de l\u2019institut canadien des urbanistes le\u00a0<strong>28 mai 2026<\/strong>\u00a0(par vid\u00e9oconf\u00e9rence). <\/p>\n<\/div>\n\n\n\n<div class=\"wp-block-column is-layout-flow wp-block-column-is-layout-flow\"><\/div>\n<\/div>\n\n\n\n<p>Veuillez exercer votre droit de vote le jour m\u00eame ou avant la date limite :\u00a0<strong>le 6 mai 2026 \u00e0 23 h 59 HP.<\/strong> Veuillez noter que vous ne pouvez voter que pour un seul candidat par position.<\/p>\n\n\n\n<p><strong>Pour voter, vous recevrez un courriel de notre plateforme \u00e9lectorale, ElectionsBuddy.&nbsp;<\/strong>Si vous ne recevez pas ce message, veuillez v\u00e9rifier votre dossier de courrier ind\u00e9sirable.<\/p>\n\n\n\n<p>Si vous avez quelque question que ce soit, veuillez communiquer avec\u00a0<a href=\"mailto:governance@cip-icu.ca\" target=\"_blank\" rel=\"noreferrer noopener\">governance@cip-icu.ca<\/a>.\u00a0<\/p>\n\n\n\n<div style=\"height:28px\" aria-hidden=\"true\" class=\"wp-block-spacer\"><\/div>\n\n\n\n<p><strong>En savoir plus sur les nomin\u00e9s ci-dessous :<\/strong><\/p>\n\n\n\n<div style=\"height:28px\" aria-hidden=\"true\" class=\"wp-block-spacer\"><\/div>\n\n\n\n\n\t<div class=\"tabs-wrap\">\n\t\t<div class=\"tabList-container\">\n\n\t\t\t<ul class=\"tabs tablist\" role=\"tablist\">\n\n\t\t\t\t\n\t\t\t\t\t<li id=\"tab-1\" class=\"tab tab-link no-btn-style  current\" aria-controls=\"tabpanel-1\" aria-selected=\"true\" role=\"tab\" tabindex=\"0\">\n\t\t\t\t\t\tR\u00e9gion 3 : Saskatchewan \t\t\t\t\t<\/li>\n\n\t\t\t\t\t\n\t\t\t\t\t<li id=\"tab-2\" class=\"tab tab-link no-btn-style \" aria-controls=\"tabpanel-2\" aria-selected=\"false\" role=\"tab\" tabindex=\"-1\">\n\t\t\t\t\t\tR\u00e9gion 4 : Manitoba\t\t\t\t\t<\/li>\n\n\t\t\t\t\t\n\t\t\t\t\t<li id=\"tab-3\" class=\"tab tab-link no-btn-style \" aria-controls=\"tabpanel-3\" aria-selected=\"false\" role=\"tab\" tabindex=\"-1\">\n\t\t\t\t\t\tUniversitaire\t\t\t\t\t<\/li>\n\n\t\t\t\t\t\n\t\t\t\t\t<li id=\"tab-4\" class=\"tab tab-link no-btn-style \" aria-controls=\"tabpanel-4\" aria-selected=\"false\" role=\"tab\" tabindex=\"-1\">\n\t\t\t\t\t\tDirecteur g\u00e9n\u00e9ral\t\t\t\t\t<\/li>\n\n\t\t\t\t\t\n\t\t\t\t\t<li id=\"tab-5\" class=\"tab tab-link no-btn-style \" aria-controls=\"tabpanel-5\" aria-selected=\"false\" role=\"tab\" tabindex=\"-1\">\n\t\t\t\t\t\t\u00c9tudiant\t\t\t\t\t<\/li>\n\n\t\t\t\t\t\n\t\t\t<\/ul>\n\n\t\t\t<div class=\"tab-panels\">\n\t\t\t\t\n\t\t\t\t\t<div id=\"tabpanel-1\" class=\"panel \" aria-labelledby=\"tab-1\" role=\"tabpanel\" tabindex=\"0\" aria-hidden=\" false\">\n\t\t\t\t\t\t<p class=\"lede\"><strong>Haven Rees UPC, MICU<\/strong><\/p>\n<p>En tant qu\u2019urbaniste principal (niveau 2) bas\u00e9e en Saskatchewan, j\u2019ai ax\u00e9 ma carri\u00e8re sur la promotion de r\u00e9sultats de planification \u00e9quitables, durables et fond\u00e9s sur des donn\u00e9es probantes. Mon travail professionnel couvre la planification \u00e0 long terme, l\u2019\u00e9laboration de politiques, la strat\u00e9gie en mati\u00e8re de logement et la facilitation des processus de planification complexes impliquant de multiples parties prenantes. Plus r\u00e9cemment, j\u2019ai dirig\u00e9 la pr\u00e9paration de la Strat\u00e9gie de logement abordable 2025-2030 de Saskatoon, en \u00e9laborant des politiques de logement compl\u00e8tes ancr\u00e9es dans les besoins de la communaut\u00e9, les tendances d\u00e9mographiques et l\u2019orientation strat\u00e9gique du Conseil.  <\/p>\n<p>Mon travail met l\u2019accent sur la collaboration, la participation du public et l\u2019int\u00e9gration des d\u00e9cisions d\u2019am\u00e9nagement \u00e0 des consid\u00e9rations environnementales et sociales conformes au Code de d\u00e9ontologie de l\u2019ICU, qui met l\u2019accent sur le service de l\u2019int\u00e9r\u00eat public, une communication claire et la reconnaissance de la nature interconnect\u00e9e des impacts de la planification.<\/p>\n<p>J\u2019ai une exp\u00e9rience de travail \u00e0 des niveaux strat\u00e9giques au sein de l\u2019administration municipale, o\u00f9 j\u2019ai contribu\u00e9 \u00e0 l\u2019\u00e9laboration des politiques, dirig\u00e9 des initiatives interminist\u00e9rielles et soutenu les \u00e9lus en leur fournissant des conseils d\u2019urbanisme clairs, \u00e9quilibr\u00e9s et opportuns.<\/p>\n<p>Mon approche refl\u00e8te un engagement en faveur de la r\u00e9conciliation, de l\u2019\u00e9quit\u00e9 et de la cr\u00e9ation de collectivit\u00e9s saines et \u00e9panouies.<\/p>\n<p>Je m\u2019engage \u00e0 soutenir la profession en apportant une perspective de la Saskatchewan aux discussions nationales sur l\u2019urbanisme et en contribuant \u00e0 la mission de l\u2019ICU visant \u00e0 faire progresser l\u2019urbanisme dans l\u2019int\u00e9r\u00eat public.<\/p>\n<p><strong>Manifestation d&#8217;int\u00e9r\u00eat <\/strong><\/p>\n<p>Je me pr\u00e9sente aux \u00e9lections pour le poste de directeur de la r\u00e9gion 3 (Saskatchewan) afin de contribuer au leadership national de la profession d\u2019urbaniste.<\/p>\n<p>Mon exp\u00e9rience professionnelle en politique municipale, en planification strat\u00e9gique et en d\u00e9veloppement communautaire me place en bonne position pour contribuer de mani\u00e8re importante \u00e0 cette responsabilit\u00e9.<\/p>\n<p>Je suis particuli\u00e8rement motiv\u00e9e par l\u2019engagement de l\u2019ICU en faveur de l\u2019\u00e9quit\u00e9, de la diversit\u00e9, de l\u2019inclusion et de la r\u00e9conciliation, par ses priorit\u00e9s politiques nationales et par son r\u00f4le dans l\u2019am\u00e9lioration de la visibilit\u00e9 et de la cr\u00e9dibilit\u00e9 de la profession d\u2019urbaniste au Canada. Je vois des possibilit\u00e9s importantes pour renforcer les discussions nationales autour de la strat\u00e9gie du logement, des capacit\u00e9s municipales et de la r\u00e9silience communautaire \u00e0 long terme. <\/p>\n<p>Je serais heureuse de pouvoir collaborer avec des coll\u00e8gues de partout au Canada pour faire progresser la profession, renforcer la gouvernance et contribuer \u00e0 orienter la direction strat\u00e9gique de l\u2019ICU.<\/p>\n\t\t\t\t\t<\/div>\n\t\t\t\t\t\n\t\t\t\t\t<div id=\"tabpanel-2\" class=\"panel  hide\" aria-labelledby=\"tab-2\" role=\"tabpanel\" tabindex=\"0\" aria-hidden=\" true\">\n\t\t\t\t\t\t<p class=\"lede\"><img loading=\"lazy\" decoding=\"async\" class=\"alignleft wp-image-44300 \" src=\"https:\/\/www.cip-icu.ca\/wp-content\/uploads\/2026\/04\/Paul-Bell-160x160.jpg\" alt=\"\" width=\"186\" height=\"186\" srcset=\"https:\/\/www.cip-icu.ca\/wp-content\/uploads\/2026\/04\/Paul-Bell-160x160.jpg 160w, https:\/\/www.cip-icu.ca\/wp-content\/uploads\/2026\/04\/Paul-Bell-636x636.jpg 636w, https:\/\/www.cip-icu.ca\/wp-content\/uploads\/2026\/04\/Paul-Bell-768x768.jpg 768w, https:\/\/www.cip-icu.ca\/wp-content\/uploads\/2026\/04\/Paul-Bell-300x300.jpg 300w, https:\/\/www.cip-icu.ca\/wp-content\/uploads\/2026\/04\/Paul-Bell-600x600.jpg 600w, https:\/\/www.cip-icu.ca\/wp-content\/uploads\/2026\/04\/Paul-Bell-100x100.jpg 100w, https:\/\/www.cip-icu.ca\/wp-content\/uploads\/2026\/04\/Paul-Bell.jpg 1000w\" sizes=\"auto, (max-width: 186px) 100vw, 186px\" \/><\/p>\n<p><strong>Paul Bell UPC, MICU<\/strong><\/p>\n<p>En tant que responsable du d\u00e9veloppement des lieux et des communaut\u00e9s chez Narratives Inc., Paul dirige une \u00e9quipe qui travaille aux c\u00f4t\u00e9s des communaut\u00e9s pour honorer les liens profonds entre les personnes, la culture et le territoire. Ses premiers travaux en tant qu\u2019urbaniste ont explor\u00e9 les liens entre la cr\u00e9ativit\u00e9 et le lieu, ce qui a marqu\u00e9 le d\u00e9but d\u2019une carri\u00e8re consacr\u00e9e \u00e0 la mani\u00e8re dont l\u2019histoire unique d\u2019un lieu peut servir de plan directeur pour son avenir. Le travail de Paul vise \u00e0 aller au-del\u00e0 des faits et des chiffres, en reliant les histoires et les exp\u00e9riences v\u00e9cues par les habitants d\u2019un lieu pour stimuler la planification communautaire.  <\/p>\n<p>Paul cumule plus de huit ans d\u2019exp\u00e9rience en planification, tant dans le secteur public que priv\u00e9, allant des r\u00e9visions d\u2019urbanisme municipales \u00e0 l\u2019am\u00e9nagement territorial autochtone. Il a si\u00e9g\u00e9 au Conseil d\u2019administration du Manitoba Professional Planners Institute et a pass\u00e9 les trois derni\u00e8res ann\u00e9es en tant que membre du Conseil d\u2019administration de l\u2019Institut canadien des urbanistes. <\/p>\n<p>Au c\u0153ur du travail de Paul se trouve l\u2019id\u00e9e que, gr\u00e2ce au dialogue et \u00e0 la collaboration, les gens peuvent mieux s\u2019attacher aux lieux qu\u2019ils consid\u00e8rent comme leur demeure, ce qui conduit \u00e0 son tour \u00e0 un meilleur processus de planification. En partageant nos histoires li\u00e9es au lieu, les gens se sentent plus proches les uns des autres et de leur communaut\u00e9, et cela permet \u00e0 chacun de fa\u00e7onner un avenir qui soit non seulement pratique, mais aussi plus porteur d\u2019espoir et plus solidaire. <\/p>\n<p><strong>Manifestation d&#8217;int\u00e9r\u00eat <\/strong><\/p>\n<p>Je si\u00e8ge au Conseil d\u2019administration de l\u2019ICU depuis trois ans et je suis heureux de me pr\u00e9senter pour un deuxi\u00e8me mandat de trois ans. Au cours de cette p\u00e9riode, j\u2019ai eu le privil\u00e8ge de travailler aux c\u00f4t\u00e9s de coll\u00e8gues exceptionnels, en relevant les nombreux d\u00e9fis et en saisissant les nombreuses opportunit\u00e9s auxquelles notre profession et l\u2019ICU sont confront\u00e9s. Je suis fier du travail que nous avons accompli, notamment le Plan d\u2019action pour la r\u00e9conciliation, notre vision strat\u00e9gique et notre travail de plaidoyer aupr\u00e8s des d\u00e9cideurs politiques sur la Colline du Parlement. Alors que nous entrons dans une nouvelle phase passionnante pour l\u2019ICU, je continuerai \u00e0 \u0153uvrer pour favoriser un dialogue constructif sur les enjeux complexes auxquels sont confront\u00e9es les collectivit\u00e9s canadiennes aujourd\u2019hui.   <\/p>\n<p>Notre profession continue d\u2019\u00e9voluer rapidement, qu\u2019il s\u2019agisse des technologies \u00e9mergentes comme l\u2019IA ou des environnements sociaux et politiques complexes. J\u2019aborde ce paysage en mutation avec passion et d\u00e9termination, tout en gardant \u00e0 l\u2019esprit l\u2019importance d\u2019une planification r\u00e9fl\u00e9chie et la sagesse et l\u2019exp\u00e9rience de ceux qui m\u2019entourent. En travaillant dans les secteurs priv\u00e9 et public et en soutenant les initiatives de planification territoriale autochtones, j\u2019ai appris \u00e0 faire place \u00e0 de multiples fa\u00e7ons de savoir et \u00e0 l\u2019importance de cr\u00e9er des ponts entre des points de vue et des opinions divers.  <\/p>\n<p>Je vous remercie de consid\u00e9rer ma candidature au Conseil d\u2019administration. Je suis impatient de continuer \u00e0 servir notre profession et de mettre mes comp\u00e9tences en leadership et en urbanisme au service de l\u2019ICU pendant trois ann\u00e9es suppl\u00e9mentaires. <\/p>\n<p>&nbsp;<\/p>\n<img loading=\"lazy\" decoding=\"async\" class=\"alignleft wp-image-44303 \" src=\"https:\/\/www.cip-icu.ca\/wp-content\/uploads\/2026\/04\/Jeff-Pratte-160x160.png\" alt=\"\" width=\"185\" height=\"185\" srcset=\"https:\/\/www.cip-icu.ca\/wp-content\/uploads\/2026\/04\/Jeff-Pratte-160x160.png 160w, https:\/\/www.cip-icu.ca\/wp-content\/uploads\/2026\/04\/Jeff-Pratte-300x300.png 300w, https:\/\/www.cip-icu.ca\/wp-content\/uploads\/2026\/04\/Jeff-Pratte-100x100.png 100w\" sizes=\"auto, (max-width: 185px) 100vw, 185px\" \/>\n<p><strong>Jeff Pratte UPC, MICU<\/strong><\/p>\n<p>Jeff Pratte UPC, MICU vit et travaille \u00e0 Winnipeg, au Manitoba, et est associ\u00e9 chez Landmark Planning &amp; Design. Fort de 15 ans d\u2019exp\u00e9rience dans le domaine de l\u2019urbanisme, Jeff poss\u00e8de une vaste expertise dans la pr\u00e9paration et l\u2019interpr\u00e9tation des documents politiques et r\u00e9glementaires, ainsi que dans la coordination de projets d\u2019am\u00e9nagement communautaire, de participation publique et de d\u00e9veloppement foncier. Il a si\u00e9g\u00e9 au Conseil d\u2019administration du Manitoba Professional Planners Institute (MPPI) de 2022 \u00e0 2026, occupant le poste de pr\u00e9sident de 2024 \u00e0 2026. Au cours de cette p\u00e9riode, Jeff a fait preuve de solides comp\u00e9tences en leadership et a \u00e9tabli des liens entre le MPPI et certains segments du secteur de l\u2019urbanisme qui avaient historiquement un niveau d\u2019implication plus faible, notamment le secteur du d\u00e9veloppement foncier.   <\/p>\n<p>Dans le cadre de son activit\u00e9 de planification, Jeff travaille en \u00e9troite collaboration avec un large \u00e9ventail de clients, notamment des municipalit\u00e9s, des districts de planification, des collectivit\u00e9s autochtones, des propri\u00e9taires fonciers priv\u00e9s et de grands promoteurs immobiliers. Il dirige \u00e9galement des \u00e9quipes pluridisciplinaires sur des projets tr\u00e8s vari\u00e9s. <\/p>\n<p>S\u2019appuyant sur son exp\u00e9rience vari\u00e9e, Jeff a r\u00e9dig\u00e9 des documents de vision et de r\u00e9glementation pour des clients municipaux et a fait partie d\u2019\u00e9quipes multidisciplinaires charg\u00e9es de mener \u00e0 bien des projets complexes d\u2019am\u00e9nagement de district et de d\u00e9veloppement foncier. Il a r\u00e9dig\u00e9 le premier plan de lutte contre la s\u00e9cheresse du Manitoba pour la Pembina Valley Water Co-Op au sein d\u2019une \u00e9quipe d\u2019\u00e9tude multidisciplinaire et a dirig\u00e9 un processus de consultation publique \u00e0 l\u2019\u00e9chelle de la ville pour le projet pilote de collecte des d\u00e9chets alimentaires r\u00e9sidentiels de la ville de Winnipeg. Jeff poss\u00e8de de solides comp\u00e9tences en communication et en leadership, un esprit de collaboration et une connaissance approfondie des questions d\u2019urbanisme et d\u2019am\u00e9nagement. Il privil\u00e9gie une approche qui va au-del\u00e0 des livrables de projet et met fortement l\u2019accent sur la mise en \u0153uvre du plan.   <\/p>\n<p><strong>Manifestation d&#8217;int\u00e9r\u00eat <\/strong><\/p>\n<p>Je soumets par la pr\u00e9sente ma candidature au Conseil d\u2019administration de l\u2019Institut canadien des urbanistes pour le mandat 2026-2029. Au cours des deux derni\u00e8res ann\u00e9es, j\u2019ai occup\u00e9 le poste de pr\u00e9sident du Manitoba Professional Planners Institute (MPPI), ce qui m\u2019a permis de faire partie du Planning Alliance Forum (PAF). Cette exp\u00e9rience m\u2019a donn\u00e9 le d\u00e9sir profond de continuer \u00e0 contribuer \u00e0 diriger, influencer et d\u00e9fendre la profession d\u2019urbaniste au Canada.  <\/p>\n<p>Fort de ma vaste exp\u00e9rience en tant qu\u2019UPC en exercice, ainsi que du temps pass\u00e9 au sein du Conseil et \u00e0 la pr\u00e9sidence du MPPI, je connais bien les r\u00e8glements administratifs de l\u2019ICU et dispose de connaissances et d\u2019une exp\u00e9rience qui peuvent aider le Conseil d\u2019administration dans son travail sur le plan strat\u00e9gique, la gestion des ressources, la surveillance des risques et la mise en place de syst\u00e8mes de gouvernance ad\u00e9quats.<\/p>\n<p>La vision de l\u2019ICU, qui consiste \u00e0 cr\u00e9er des collectivit\u00e9s inclusives et dynamiques, en harmonie avec la nature, pour le bien-\u00eatre des g\u00e9n\u00e9rations actuelles et futures, correspond \u00e0 ma pratique professionnelle. De plus, la mission consistant \u00e0 soutenir les membres, \u00e0 apporter une valeur ajout\u00e9e \u00e0 l\u2019\u00e9cosyst\u00e8me canadien de l\u2019urbanisme au sens large et \u00e0 d\u00e9fendre les enjeux prioritaires pour un impact collectif accru s\u2019inscrit dans la continuit\u00e9 de mon exp\u00e9rience en tant que pr\u00e9sident du MPPI. <\/p>\n<p>Dans mes fonctions de pr\u00e9sident du MPPI et d\u2019urbaniste en exercice, j\u2019ai mis l\u2019accent sur la collaboration au sein des secteurs et entre eux, ainsi que sur le renforcement des capacit\u00e9s du domaine de l\u2019urbanisme. Gr\u00e2ce \u00e0 mon exp\u00e9rience \u00e0 la t\u00eate d\u2019un conseil de l\u2019IAPT, je me r\u00e9jouis de la possibilit\u00e9 de servir les membres de l\u2019ICU partout au Canada, toutes cat\u00e9gories confondues. <\/p>\n\t\t\t\t\t<\/div>\n\t\t\t\t\t\n\t\t\t\t\t<div id=\"tabpanel-3\" class=\"panel  hide\" aria-labelledby=\"tab-3\" role=\"tabpanel\" tabindex=\"0\" aria-hidden=\" true\">\n\t\t\t\t\t\t<p class=\"lede\"><img loading=\"lazy\" decoding=\"async\" class=\"alignleft wp-image-44309 \" src=\"https:\/\/www.cip-icu.ca\/wp-content\/uploads\/2026\/04\/Janice-Barry-160x160.jpg\" alt=\"\" width=\"176\" height=\"176\" srcset=\"https:\/\/www.cip-icu.ca\/wp-content\/uploads\/2026\/04\/Janice-Barry-160x160.jpg 160w, https:\/\/www.cip-icu.ca\/wp-content\/uploads\/2026\/04\/Janice-Barry-300x300.jpg 300w, https:\/\/www.cip-icu.ca\/wp-content\/uploads\/2026\/04\/Janice-Barry-100x100.jpg 100w\" sizes=\"auto, (max-width: 176px) 100vw, 176px\" \/><\/p>\n<p><strong>Janice Barry PhD, UPC, MICU<\/strong><\/p>\n<p>Janice Barry (PhD, UPC, MICU) travaille dans le domaine de l\u2019urbanisme et de l\u2019am\u00e9nagement du territoire depuis plus de 25 ans. Elle a d\u00e9but\u00e9 sa carri\u00e8re en tant que planificatrice des zones prot\u00e9g\u00e9es au sein du minist\u00e8re des Ressources naturelles de l\u2019Ontario avant d\u2019obtenir son doctorat en Urbanisme et am\u00e9nagement du territoire \u00e0 l\u2019Universit\u00e9 de la Colombie-Britannique (UBC). Elle a depuis men\u00e9 une carri\u00e8re dans la recherche et l\u2019enseignement en mati\u00e8re d\u2019urbanisme, et a occup\u00e9 des postes \u00e0 l\u2019Universit\u00e9 du Manitoba, \u00e0 l\u2019Universit\u00e9 de Sheffield et \u00e0 l\u2019Universit\u00e9 de Glasgow avant de rejoindre l\u2019Universit\u00e9 de Waterloo.  <\/p>\n<p>Son travail est motiv\u00e9 par un int\u00e9r\u00eat pour la mani\u00e8re dont les d\u00e9cisions d\u2019am\u00e9nagement sont prises, ainsi que pour les lois, les politiques, les proc\u00e9dures et les normes professionnelles qui favorisent ou entravent une participation importante des populations et des points de vue divers. Une grande partie de ses recherches porte sur la reconnaissance des droits et des titres fonciers autochtones au sein de la profession d\u2019urbaniste. Elle a apport\u00e9 son soutien \u00e0 de nombreux processus d\u2019am\u00e9nagement men\u00e9s par les Premi\u00e8res Nations et s\u2019int\u00e9resse \u00e0 la mani\u00e8re dont l\u2019am\u00e9nagement dirig\u00e9 par les Autochtones favorise la souverainet\u00e9 et l\u2019autod\u00e9termination autochtones. Janice \u00e9crit \u00e9galement sur la th\u00e9orie de l\u2019urbanisme, la planification participative et la p\u00e9dagogie de l\u2019am\u00e9nagement, y compris l\u2019\u00e9thique professionnelle et le d\u00e9veloppement des comp\u00e9tences en am\u00e9nagement.   <\/p>\n<p>Elle est une membre active de la profession d\u2019urbaniste, ayant pr\u00e9c\u00e9demment si\u00e9g\u00e9 au sein d\u2019\u00e9quipes d\u2019accr\u00e9ditation de programmes pour le Conseil des normes professionnelles et au sein du Comit\u00e9 des perspectives de planification autochtones de l\u2019IPPO. Elle vient \u00e9galement de terminer un mandat de trois ans en tant que repr\u00e9sentante du milieu universitaire au sein du Conseil d\u2019administration de l\u2019ICU. <\/p>\n<p><strong>Manifestation d&#8217;int\u00e9r\u00eat <\/strong><\/p>\n<p>Il y a trois ans, lorsque je me suis pr\u00e9sent\u00e9e pour la premi\u00e8re fois aux \u00e9lections, j\u2019ai indiqu\u00e9 que mon soutien \u00e0 la feuille de route de l\u2019ICU pour l\u2019\u00e9quit\u00e9, la diversit\u00e9 et l\u2019inclusion, ainsi que son engagement en faveur de la r\u00e9conciliation, constituaient mes principales motivations pour si\u00e9ger au Conseil d\u2019administration. Ces questions restent des priorit\u00e9s essentielles pour moi, et je suis fi\u00e8re d\u2019avoir si\u00e9g\u00e9 \u00e0 un Conseil d\u2019administration qui a supervis\u00e9 l\u2019\u00e9laboration du premier Plan d\u2019action pour la r\u00e9conciliation de l\u2019ICU et qui a pris des mesures pour diversifier la composition des comit\u00e9s et du Conseil d\u2019administration, en y int\u00e9grant des urbanistes talentueux de tout le pays. Je crois au pouvoir de la repr\u00e9sentation, mais seulement si elle s\u2019accompagne de changements structurels visant \u00e0 soutenir l\u2019\u00e9quit\u00e9, la diversit\u00e9, l\u2019inclusion et la r\u00e9conciliation. Je serais heureuse et d\u00e9termin\u00e9e \u00e0 poursuivre ce mandat.   <\/p>\n<p>Les membres auront sans doute remarqu\u00e9 que l\u2019ICU a \u00e9volu\u00e9 au cours des trois derni\u00e8res ann\u00e9es, en mettant d\u00e9sormais davantage l\u2019accent sur le plaidoyer et les relations gouvernementales. Cette orientation offre l\u2019occasion de continuer \u00e0 combler le foss\u00e9 entre la pratique de l\u2019urbanisme et la recherche, alors que nous nous effor\u00e7ons de garantir que les positions politiques de l\u2019ICU soient fond\u00e9es sur des donn\u00e9es probantes. Au cours de mon mandat en tant que membre du Conseil d\u2019administration, j\u2019ai assur\u00e9 la liaison avec l\u2019Association des programmes universitaires canadiens en urbanisme (APUCU), et je suis sinc\u00e8rement enthousiasm\u00e9e par les discussions qui ont actuellement lieu sur la mani\u00e8re dont nous pouvons \u00e9tablir des relations entre l\u2019ICU, les \u00e9tudiants et les chercheurs universitaires. Si je suis \u00e9lue pour un second mandat, je serais honor\u00e9e de contribuer \u00e0 la concr\u00e9tisation de certaines de ces id\u00e9es, alors que l\u2019ICU continue de travailler sur ses cinq axes d\u2019action.   <\/p>\n\t\t\t\t\t<\/div>\n\t\t\t\t\t\n\t\t\t\t\t<div id=\"tabpanel-4\" class=\"panel  hide\" aria-labelledby=\"tab-4\" role=\"tabpanel\" tabindex=\"0\" aria-hidden=\" true\">\n\t\t\t\t\t\t<p class=\"lede\"><img loading=\"lazy\" decoding=\"async\" class=\"alignleft wp-image-44312 \" src=\"https:\/\/www.cip-icu.ca\/wp-content\/uploads\/2026\/04\/Kristin-Agnello-160x160.jpg\" alt=\"\" width=\"184\" height=\"184\" srcset=\"https:\/\/www.cip-icu.ca\/wp-content\/uploads\/2026\/04\/Kristin-Agnello-160x160.jpg 160w, https:\/\/www.cip-icu.ca\/wp-content\/uploads\/2026\/04\/Kristin-Agnello-300x300.jpg 300w, https:\/\/www.cip-icu.ca\/wp-content\/uploads\/2026\/04\/Kristin-Agnello-100x100.jpg 100w\" sizes=\"auto, (max-width: 184px) 100vw, 184px\" \/><\/p>\n<p><strong>Kristin Agnello UPC, MICU, RHFAC<\/strong><\/p>\n<p>La Dre Kristin Agnello, DSocSci, UPC, MICU, RHFAC, est une chercheuse-praticienne interdisciplinaire bas\u00e9e \u00e0 Victoria, en Colombie-Britannique. Elle poss\u00e8de une formation professionnelle et universitaire en urbanisme, en sciences sociales, en d\u00e9veloppement international, en architecture et en design urbain. Ancienne boursi\u00e8re Vanier, sa recherche doctorale s\u2019est concentr\u00e9e sur l\u2019intersection entre l\u2019\u00e9quit\u00e9, les politiques et la gouvernance, et lui a valu la m\u00e9daille du chancelier de la RRU pour son excellence acad\u00e9mique.  <\/p>\n<p>Kristin est fondatrice et directrice de Plassurban Consulting Inc., un cabinet de conseil en recherche et en planification intersectionnelle qui s\u2019attache \u00e0 lutter contre les in\u00e9galit\u00e9s et la vuln\u00e9rabilit\u00e9 dans les initiatives gouvernementales. Kristin est urbaniste professionnelle agr\u00e9\u00e9e et membre de l\u2019Institut canadien des urbanistes, professionnelle certifi\u00e9e en accessibilit\u00e9 par la Fondation Rick Hansen, et ancienne membre de la Soci\u00e9t\u00e9 canadienne d\u2019\u00e9valuation et de l\u2019Association nationale des parlementaires. Kristin a occup\u00e9 les fonctions de responsable de la Consultation strat\u00e9gique du R\u00e9seau d\u2019apprentissage par les pairs du PIBC, de vice-pr\u00e9sidente (Canada) du Commonwealth Association of Planners, de pr\u00e9sidente fondatrice du r\u00e9seau \u00ab Commonwealth Women in Planning \u00bb, et est ambassadrice TeachSDG et sp\u00e9cialiste de l\u2019\u00e9quit\u00e9 aupr\u00e8s du UK Design Council.  <\/p>\n<p>Kristin a plaid\u00e9 en faveur de la prise en compte de l\u2019\u00e9quit\u00e9 intersectionnelle des femmes dans les \u00e9tablissements humains lors de deux sessions de la Commission de la condition de la femme des Nations Unies et de trois Sommets mondiaux du design. Elle est largement reconnue pour son travail en faveur de l\u2019\u00e9quit\u00e9 dans l\u2019environnement b\u00e2ti. En 2018, Kristin a \u00e9t\u00e9 nomm\u00e9e parmi les 25 femmes les plus influentes du Canada et, en 2021, elle a \u00e9t\u00e9 intronis\u00e9e dans la Galerie des femmes d\u2019impact dans le domaine des droits de la personne du gouvernement du Canada. <\/p>\n<p><strong>Manifestation d&#8217;int\u00e9r\u00eat<\/strong><\/p>\n<p>Partout au Canada, on demande aux urbanistes de concilier des enjeux de plus en plus complexes, tels que l\u2019accessibilit\u00e9 au logement, l\u2019adaptation aux changements climatiques, les besoins en infrastructures et les in\u00e9galit\u00e9s sociales, dans un contexte d\u2019incertitude politique et \u00e9conomique. Ce paysage l\u00e9gislatif et politique en mutation exige un leadership fort qui est capable de reconna\u00eetre \u00e0 la fois la complexit\u00e9 contextuelle de l\u2019urbanisme et la valeur publique plus large de la profession. <\/p>\n<p>Je consid\u00e8re que si\u00e9ger au Conseil d\u2019administration de l\u2019ICU est l\u2019occasion d\u2019apporter \u00e0 la fois une vision strat\u00e9gique et une perspective fond\u00e9e sur l\u2019\u00e9quit\u00e9 quant aux implications des d\u00e9cisions d\u2019urbanisme sur une population diversifi\u00e9e. Mon exp\u00e9rience en gouvernance professionnelle, en r\u00e9seautage et en d\u00e9fense des int\u00e9r\u00eats internationaux en urbanisme, ainsi qu\u2019en recherche et en enseignement de l\u2019urbanisme, m\u2019a convaincue que les urbanistes ont besoin d\u2019un acc\u00e8s rapide \u00e0 des donn\u00e9es fiables, des outils pratiques et des connaissances de leurs pairs, facilement transposables dans la pratique. Je suis particuli\u00e8rement int\u00e9ress\u00e9e par le soutien \u00e0 la mise en \u0153uvre continue de la Feuille de route pour l\u2019\u00e9quit\u00e9, la diversit\u00e9 et l\u2019inclusion de l\u2019ICU et par la promotion de la diversit\u00e9, de l\u2019\u00e9quit\u00e9, de l\u2019inclusion et de l\u2019accessibilit\u00e9 de mani\u00e8re mesurable, pratique et int\u00e9gr\u00e9e \u00e0 la pratique professionnelle. Je consid\u00e8re \u00e9galement que l\u2019Institut a un r\u00f4le important \u00e0 jouer dans le renforcement de l\u2019enseignement de l\u2019urbanisme et l\u2019am\u00e9lioration de l\u2019acc\u00e8s \u00e0 des donn\u00e9es fond\u00e9es sur la recherche, afin que les praticiens puissent r\u00e9pondre avec confiance aux nouveaux d\u00e9fis.   <\/p>\n<p>\u00c0 l\u2019\u00e9chelle nationale, je crois que l\u2019ICU peut contribuer de mani\u00e8re importante aux initiatives strat\u00e9giques qui soutiennent les urbanistes confront\u00e9s \u00e0 des pressions environnementales, sociales, infrastructurelles, \u00e9conomiques et li\u00e9es au logement dans des collectivit\u00e9s de toutes tailles. \u00c0 l\u2019\u00e9chelle internationale, je me r\u00e9jouis de l\u2019occasion d\u2019aider \u00e0 positionner le Canada comme un chef de file en mati\u00e8re d\u2019urbanisme innovant et de pratiques inclusives, en d\u00e9montrant comment des politiques r\u00e9fl\u00e9chies, des normes professionnelles solides et des approches centr\u00e9es sur l\u2019\u00e9quit\u00e9 peuvent fa\u00e7onner des collectivit\u00e9s r\u00e9silientes. <\/p>\n<p>&nbsp;<\/p>\n<img loading=\"lazy\" decoding=\"async\" class=\"alignleft wp-image-44313 \" src=\"https:\/\/www.cip-icu.ca\/wp-content\/uploads\/2026\/04\/Ali-Ahmed-160x160.jpg\" alt=\"\" width=\"190\" height=\"190\" srcset=\"https:\/\/www.cip-icu.ca\/wp-content\/uploads\/2026\/04\/Ali-Ahmed-160x160.jpg 160w, https:\/\/www.cip-icu.ca\/wp-content\/uploads\/2026\/04\/Ali-Ahmed-300x300.jpg 300w, https:\/\/www.cip-icu.ca\/wp-content\/uploads\/2026\/04\/Ali-Ahmed-100x100.jpg 100w\" sizes=\"auto, (max-width: 190px) 100vw, 190px\" \/>\n<p><strong>Ali Ahmed<\/strong><\/p>\n<p>Ali Ahmed est urbaniste chez Davies Howe LLP, o\u00f9 il exerce dans les domaines de l\u2019urbanisme municipal, de l\u2019am\u00e9nagement du territoire et du zonage. Il apporte son soutien aux questions d\u2019urbanisme et d\u2019am\u00e9nagement par le biais de l\u2019analyse des politiques, de la recherche r\u00e9glementaire et de la pr\u00e9paration de documents pour les proc\u00e9dures devant le Tribunal foncier de l\u2019Ontario, tout en supervisant et en encadrant des \u00e9tudiants en urbanisme en stage coop\u00e9ratif. <\/p>\n<p>Ali apporte une exp\u00e9rience acquise dans le secteur priv\u00e9, les administrations municipales, le milieu universitaire et les associations professionnelles. Il a pr\u00e9c\u00e9demment travaill\u00e9 comme \u00e9tudiant en stage d\u2019urbanisme aupr\u00e8s de la ville de Toronto, comme assistant de recherche \u00e0 l\u2019\u00c9cole d\u2019Urbanisme et d\u2019am\u00e9nagement du territoire de l\u2019Universit\u00e9 m\u00e9tropolitaine de Toronto, et comme stagiaire \u00e0 l\u2019Institut des urbanistes professionnels de l\u2019Ontario (IPPO). <\/p>\n<p>Il est titulaire d\u2019un baccalaur\u00e9at en Urbanisme et am\u00e9nagement du territoire de l\u2019Universit\u00e9 m\u00e9tropolitaine de Toronto (TMU), obtenu avec distinction, et il a re\u00e7u de nombreux prix acad\u00e9miques et de leadership.<\/p>\n<p>Ali est membre candidat de l\u2019IPPO et pr\u00e9pare actuellement l\u2019obtention du titre d\u2019urbaniste professionnel certifi\u00e9 (UPC). Il si\u00e8ge actuellement au Comit\u00e9 de programmation des parcours professionnels de l\u2019IPPO et est membre extraordinaire de l\u2019association des anciens \u00e9l\u00e8ves de l\u2019\u00c9cole d\u2019Urbanisme et d\u2019am\u00e9nagement du territoire de la TMU (SURPA). Il s\u2019int\u00e9resse notamment au renforcement des passerelles vers la profession d\u2019urbaniste, au mentorat, ainsi qu\u2019\u00e0 l\u2019am\u00e9lioration de l\u2019acc\u00e8s et de l\u2019engagement des urbanistes en d\u00e9but de carri\u00e8re.  <\/p>\n<p><strong>Manifestation d&#8217;int\u00e9r\u00eat<\/strong><\/p>\n<p>Je souhaite occuper le poste d\u2019administrateur g\u00e9n\u00e9ral afin d\u2019apporter une perspective pratique, celle d\u2019un professionnel en d\u00e9but de carri\u00e8re, sur la mani\u00e8re dont l\u2019acc\u00e8s \u00e0 la profession d\u2019urbaniste est v\u00e9cu partout au Canada.<\/p>\n<p>Gr\u00e2ce \u00e0 mon exp\u00e9rience dans le secteur priv\u00e9, les administrations municipales, le milieu universitaire et les associations professionnelles, j\u2019ai pu constater comment les d\u00e9fis li\u00e9s au mentorat, \u00e0 la clart\u00e9 des parcours professionnels et \u00e0 l\u2019acc\u00e8s \u00e0 la profession peuvent cr\u00e9er des obstacles \u00e0 la participation. Il ne s\u2019agit pas seulement de questions de d\u00e9veloppement professionnel, mais aussi de consid\u00e9rations d\u2019\u00e9quit\u00e9, de diversit\u00e9, d\u2019inclusion et d\u2019accessibilit\u00e9, des facteurs qui d\u00e9terminent quelles sont les personnes qui pourront acc\u00e9der \u00e0 la profession et y rester. <\/p>\n<p>Bien que je ne me pr\u00e9sente pas comme un sp\u00e9cialiste traditionnel de l\u2019EDIA, j\u2019apporte une compr\u00e9hension concr\u00e8te de la mani\u00e8re dont ces d\u00e9fis se manifestent en amont du parcours de l\u2019urbanisme. Je crois que cette perspective est importante pour soutenir l\u2019engagement de l\u2019ICU \u00e0 b\u00e2tir une profession plus inclusive et accessible. <\/p>\n<p>En tant qu\u2019administrateur, je m\u2019efforcerais de contribuer aux priorit\u00e9s strat\u00e9giques de l\u2019ICU en soutenant les efforts visant \u00e0 renforcer les normes professionnelles, \u00e0 am\u00e9liorer l\u2019\u00e9change de connaissances et \u00e0 faciliter l\u2019acc\u00e8s \u00e0 la profession. Je m\u2019int\u00e9resse particuli\u00e8rement \u00e0 la promotion du mentorat, \u00e0 la clarification des titres professionnels et \u00e0 la garantie d\u2019un meilleur soutien et d\u2019un meilleur r\u00e9seau \u00e0 l\u2019\u00e9chelle nationale pour les urbanistes en d\u00e9but de carri\u00e8re. <\/p>\n<p>Je m\u2019engage \u00e0 assumer ce r\u00f4le avec professionnalisme et responsabilit\u00e9, en mettant l\u2019accent sur la d\u00e9fense des int\u00e9r\u00eats \u00e0 long terme de la profession d\u2019urbaniste partout au Canada.<\/p>\n<p>&nbsp;<\/p>\n<img loading=\"lazy\" decoding=\"async\" class=\"alignleft wp-image-19701 \" src=\"https:\/\/www.cip-icu.ca\/wp-content\/uploads\/2023\/11\/Lesley-Cabott-RPP-FCIP-160x160.jpeg\" alt=\"\" width=\"183\" height=\"183\" srcset=\"https:\/\/www.cip-icu.ca\/wp-content\/uploads\/2023\/11\/Lesley-Cabott-RPP-FCIP-160x160.jpeg 160w, https:\/\/www.cip-icu.ca\/wp-content\/uploads\/2023\/11\/Lesley-Cabott-RPP-FCIP-100x100.jpeg 100w\" sizes=\"auto, (max-width: 183px) 100vw, 183px\" \/>\n<p><strong>Lesley Cabott UPC, FICU, ICD D<\/strong><\/p>\n<p>Lesley a \u00e9t\u00e9 \u00e9lue administratrice g\u00e9n\u00e9rale en 2023 et a actuellement le privil\u00e8ge d\u2019occuper le poste de pr\u00e9sidente de l\u2019Institut canadien des urbanistes. Elle travaille dans notre profession depuis plus de 30 ans dans toutes les provinces et tous les territoires. Lesley vit \u00e0 Whitehorse, au Yukon, et est reconnaissante envers la profession d\u2019urbaniste de lui permettre d\u2019entrer en contact avec des Canadiens et des urbanistes d\u2019un oc\u00e9an \u00e0 l\u2019autre et de participer \u00e0 des discussions sur la communaut\u00e9 et l\u2019avenir.  <\/p>\n<p>En tant que pr\u00e9sidente, elle a jou\u00e9 un r\u00f4le d\u00e9terminant dans la promotion du travail de l\u2019ICU aupr\u00e8s du gouvernement f\u00e9d\u00e9ral au nom des urbanistes. Elle a coordonn\u00e9 la premi\u00e8re \u00ab journ\u00e9e sur la Colline \u00bb de l\u2019ICU, au cours de laquelle les membres du Conseil d\u2019administration ont rencontr\u00e9 des parlementaires pour discuter de sujets jug\u00e9s importants par nos membres : les changements climatiques, l\u2019accessibilit\u00e9 financi\u00e8re, l\u2019\u00e9conomie, la r\u00e9conciliation et le logement. En f\u00e9vrier de cette ann\u00e9e, avec les membres du Comit\u00e9 consultatif autochtone et du Conseil d\u2019administration de l\u2019ICU, Lesley a dirig\u00e9 la publication du Plan d\u2019action pour la r\u00e9conciliation de l\u2019ICU, qui d\u00e9finit des mesures claires pour l\u2019ICU dans notre cheminement vers la r\u00e9conciliation.  <\/p>\n<p>L\u2019exp\u00e9rience de Lesley au sein de conseils d\u2019administration couvre aussi bien des organisations \u00e0 but lucratif que des organismes \u00e0 but non lucratif. Elle a notamment occup\u00e9 les fonctions de pr\u00e9sidente de l\u2019Institut de planification de la Colombie-Britannique, de pr\u00e9sidente de la Yukon Energy Corporation, de membre du Conseil d\u2019administration de la Chu N\u00edikw\u00e4n Development Corporation (soci\u00e9t\u00e9 de d\u00e9veloppement \u00e0 but lucratif d\u2019une Premi\u00e8re Nation), de pr\u00e9sidente du Conseil r\u00e9gional d\u2019am\u00e9nagement du territoire, cr\u00e9\u00e9 en vertu du trait\u00e9 moderne du Yukon, ainsi que de plusieurs organisations communautaires, dont la Chambre de commerce de Whitehorse et la Banque alimentaire de Whitehorse. Lesley a obtenu le titre de l\u2019Institut des administrateurs de soci\u00e9t\u00e9s de la Rotman School en 2021. <\/p>\n<p><strong>Manifestation d&#8217;int\u00e9r\u00eat<\/strong><\/p>\n<p>Je suis fi\u00e8re du travail que j\u2019ai accompli au sein de l\u2019ICU au cours des trois derni\u00e8res ann\u00e9es. Nous avons embauch\u00e9 un nouveau directeur g\u00e9n\u00e9ral, nous avons finalis\u00e9 notre Plan d\u2019action pour la r\u00e9conciliation, nous avons mis en place des groupes de travail qui ont \u00e9labor\u00e9 des documents d\u2019orientation pour soutenir le travail de plaidoyer de l\u2019ICU et la soumission du budget f\u00e9d\u00e9ral, et nous avons rencontr\u00e9 nos membres l\u00e0 o\u00f9 ils se trouvent. Je souhaite poursuivre ce travail.  <\/p>\n<p>Nous avons vu les priorit\u00e9s f\u00e9d\u00e9rales passer du logement et des changements climatiques \u00e0 la s\u00e9curit\u00e9 de l\u2019Arctique et \u00e0 la r\u00e9silience \u00e9conomique. Les urbanistes ont beaucoup \u00e0 offrir dans tous ces domaines. Nos communaut\u00e9s du Nord ont besoin de notre expertise en am\u00e9nagement pour renforcer leurs capacit\u00e9s et soutenir des collectivit\u00e9s saines et durables. La r\u00e9silience \u00e9conomique commence dans les communaut\u00e9s que nous connaissons, o\u00f9 nous travaillons et o\u00f9 nous vivons, et nous ne pouvons pas laisser les d\u00e9cideurs oublier le logement, les changements climatiques et l\u2019accessibilit\u00e9 financi\u00e8re. Je souhaite travailler avec vous pour soutenir le travail que nous devons accomplir en tant que profession sur toutes ces questions. Je souhaite mettre \u00e0 profit l\u2019expertise et l\u2019\u00e9nergie de nos membres pour nous engager \u00e0 l\u2019\u00e9chelle nationale dans la recherche de solutions.     <\/p>\n<p>En 2027, l\u2019ICU \u00e9laborera un nouveau Plan strat\u00e9gique. Je souhaite que nos membres soient entendus et impliqu\u00e9s. Je suis passionn\u00e9e par notre profession et par le travail que nous accomplissons d\u2019un oc\u00e9an \u00e0 l\u2019autre. Je souhaite mettre en valeur notre travail et faire conna\u00eetre nos activit\u00e9s afin que nous soyons invit\u00e9s \u00e0 la table des discussions. Je serais honor\u00e9e d\u2019\u00eatre r\u00e9\u00e9lue au poste de directrice g\u00e9n\u00e9rale.    <\/p>\n<p>&nbsp;<\/p>\n<img loading=\"lazy\" decoding=\"async\" class=\"alignleft wp-image-44314 \" src=\"https:\/\/www.cip-icu.ca\/wp-content\/uploads\/2026\/04\/Devin-Causley-160x160.jpg\" alt=\"\" width=\"191\" height=\"191\" srcset=\"https:\/\/www.cip-icu.ca\/wp-content\/uploads\/2026\/04\/Devin-Causley-160x160.jpg 160w, https:\/\/www.cip-icu.ca\/wp-content\/uploads\/2026\/04\/Devin-Causley-300x300.jpg 300w, https:\/\/www.cip-icu.ca\/wp-content\/uploads\/2026\/04\/Devin-Causley-100x100.jpg 100w\" sizes=\"auto, (max-width: 191px) 100vw, 191px\" \/>\n<p><strong>Devin Causley UPC, MICU<\/strong><\/p>\n<p>Architecte du changement et urbaniste de profession, Devin est un fervent d\u00e9fenseur de collectivit\u00e9s vivables et inclusives gr\u00e2ce au renforcement des capacit\u00e9s ax\u00e9 sur le climat. Devin occupe le poste d\u2019analyste principal des politiques au sein de Logement, Infrastructure et Collectivit\u00e9s Canada, o\u00f9 il dirige les activit\u00e9s de sensibilisation et d\u2019engagement pour la Trousse d\u2019outils sur le climat en mati\u00e8re de logement et d\u2019infrastructure. Fort d\u2019une exp\u00e9rience ant\u00e9rieure au sein de la F\u00e9d\u00e9ration canadienne des municipalit\u00e9s et de dipl\u00f4mes en urbanisme et en d\u00e9veloppement \u00e9conomique local obtenus \u00e0 Waterloo, il aide les collectivit\u00e9s \u00e0 renforcer leur r\u00e9silience et leur accessibilit\u00e9. Comp\u00e9tent en animation, Devin a anim\u00e9 plus de 150 ateliers \u00e0 l\u2019\u00e9chelle nationale et termine actuellement un certificat en leadership dans le secteur \u00e0 but non lucratif \u00e0 l\u2019Universit\u00e9 Simon Fraser.   <\/p>\n<p><strong>Manifestation d&#8217;int\u00e9r\u00eat<\/strong><\/p>\n<p>Je crois que l\u2019Institut canadien des urbanistes est particuli\u00e8rement bien plac\u00e9 pour d\u00e9fendre la valeur de l\u2019urbanisme en tant que profession et pour mettre de l\u2019avant son r\u00f4le essentiel dans la construction de collectivit\u00e9s durables et r\u00e9silientes \u00e0 tous les niveaux de gouvernement. Fort de mon exp\u00e9rience en tant qu\u2019urbaniste professionnel et de mon travail avec des partenaires municipaux, provinciaux, territoriaux, f\u00e9d\u00e9raux et non gouvernementaux, je suis convaincu de pouvoir apporter une contribution importante au Conseil d\u2019administration pour faire avancer les priorit\u00e9s strat\u00e9giques de l\u2019ICU. <\/p>\n<p>J\u2019apporte une approche collaborative fond\u00e9e sur une r\u00e9flexion critique \u00e0 la fois cr\u00e9ative et rigoureuse. Alors que les collectivit\u00e9s assument de plus en plus de responsabilit\u00e9s de premi\u00e8re ligne pour les services dont les Canadiens d\u00e9pendent au quotidien, il devient essentiel de soutenir les urbanistes et les b\u00e2tisseurs de collectivit\u00e9s. La capacit\u00e9 de l\u2019ICU \u00e0 rassembler des partenaires, \u00e0 renforcer les relations et \u00e0 fa\u00e7onner le dialogue national sera vitale dans ce contexte en pleine \u00e9volution.  <\/p>\n<p>Des enjeux cl\u00e9s tels que le logement, les changements climatiques, l\u2019accessibilit\u00e9 financi\u00e8re, la mobilit\u00e9 et la r\u00e9conciliation continuent d\u2019exiger un leadership r\u00e9fl\u00e9chi et une action coordonn\u00e9e. Je crois que l\u2019ICU peut jouer un r\u00f4le central dans le renforcement des capacit\u00e9s de la profession et le soutien aux affili\u00e9s alors qu\u2019ils rel\u00e8vent ces d\u00e9fis. <\/p>\n<p>Les trois prochaines ann\u00e9es seront une p\u00e9riode importante pour l\u2019ICU, alors que le Conseil d\u2019administration examinera et renouvellera l\u2019orientation strat\u00e9gique de l\u2019Institut. Je suis passionn\u00e9 par les enjeux qui fa\u00e7onnent notre profession et je m\u2019engage \u00e0 mettre \u00e0 profit mon exp\u00e9rience en direction de programmes, en \u00e9valuation et en \u00e9laboration de politiques pour aider \u00e0 orienter l\u2019avenir de l\u2019ICU. Je serais heureux d\u2019avoir l\u2019occasion de si\u00e9ger au Conseil d\u2019administration et d\u2019aider l\u2019ICU \u00e0 r\u00e9aliser sa vision.  <\/p>\n<p>&nbsp;<\/p>\n<img loading=\"lazy\" decoding=\"async\" class=\"alignleft wp-image-44316 \" src=\"https:\/\/www.cip-icu.ca\/wp-content\/uploads\/2026\/04\/John-Kazilis-160x160.jpg\" alt=\"\" width=\"193\" height=\"193\" srcset=\"https:\/\/www.cip-icu.ca\/wp-content\/uploads\/2026\/04\/John-Kazilis-160x160.jpg 160w, https:\/\/www.cip-icu.ca\/wp-content\/uploads\/2026\/04\/John-Kazilis-300x300.jpg 300w, https:\/\/www.cip-icu.ca\/wp-content\/uploads\/2026\/04\/John-Kazilis-100x100.jpg 100w, https:\/\/www.cip-icu.ca\/wp-content\/uploads\/2026\/04\/John-Kazilis.jpg 385w\" sizes=\"auto, (max-width: 193px) 100vw, 193px\" \/>\n<p><strong>John Kazilis UPC, MICU<\/strong><\/p>\n<p>John Kazilis est un haut responsable du secteur public qui compte plus de 15 ans d\u2019exp\u00e9rience dans les domaines des infrastructures, des transports et de la planification des investissements, ayant supervis\u00e9 des budgets pluriannuels d\u00e9passant les 100 millions de dollars et fait avancer des initiatives provinciales et nationales de transport en commun de plusieurs milliards de dollars. Il met \u00e0 profit son exp\u00e9rience en gouvernance nationale en tant que pr\u00e9sident et membre du jury du Fonds en fid\u00e9icommis pour \u00e9tudiants en urbanisme et am\u00e9nagement de l\u2019ICU, o\u00f9 il d\u00e9finit l\u2019orientation strat\u00e9gique et statue sur l\u2019octroi de subventions destin\u00e9es \u00e0 soutenir les \u00e9tudiants en urbanisme de partout au Canada. John a \u00e9galement contribu\u00e9 \u00e0 des organismes consultatifs et de gouvernance, notamment le Comit\u00e9 consultatif sur le patrimoine de la ville d\u2019Aurora et le GenNext Cabinet de Centraide de la r\u00e9gion de York. Il s\u2019engage en faveur de la responsabilit\u00e9 fiduciaire, de la gouvernance \u00e9thique et du mentorat des nouveaux urbanistes afin de renforcer la profession d\u2019urbaniste au Canada.   <\/p>\n<p><strong>Manifestation d&#8217;int\u00e9r\u00eat<\/strong><\/p>\n<p>Je me pr\u00e9sente \u00e0 l\u2019\u00e9lection au poste d\u2019administrateur g\u00e9n\u00e9ral de l\u2019Institut canadien des urbanistes afin de contribuer mon exp\u00e9rience en gouvernance et en supervision strat\u00e9gique, ainsi que mon engagement \u00e0 faire progresser la profession d\u2019urbaniste \u00e0 l\u2019\u00e9chelle nationale.<\/p>\n<p>Ayant plus de 15 ans d\u2019exp\u00e9rience \u00e0 des postes de direction dans le secteur public, j\u2019ai g\u00e9r\u00e9 des budgets pluriannuels d\u00e9passant les 100 millions de dollars et repr\u00e9sent\u00e9 les int\u00e9r\u00eats de la r\u00e9gion de York dans le cadre de projets de transport en commun de plusieurs milliards de dollars, d\u2019importance provinciale et nationale. Ces fonctions exigeaient une collaboration interjuridictionnelle, une mobilisation strat\u00e9gique des parties prenantes et des comp\u00e9tences en mati\u00e8re de prise de d\u00e9cision politiquement responsable, directement applicables aux responsabilit\u00e9s du Conseil d\u2019administration de l\u2019ICU. <\/p>\n<p>Je poss\u00e8de une exp\u00e9rience de gouvernance au niveau national en tant que pr\u00e9sident et membre du jury du Fonds en fid\u00e9icommis pour \u00e9tudiants en urbanisme et am\u00e9nagement de l\u2019ICU, o\u00f9 j\u2019ai fourni une orientation strat\u00e9gique et j\u2019ai statu\u00e9 sur l\u2019octroi de subventions destin\u00e9es \u00e0 soutenir les \u00e9tudiants en urbanisme de partout au Canada. J\u2019ai \u00e9galement contribu\u00e9 \u00e0 des instances consultatives et de gouvernance, notamment le Comit\u00e9 consultatif sur le patrimoine de la ville d\u2019Aurora et le Cabinet GenNext de Centraide de la r\u00e9gion de York, renfor\u00e7ant ainsi ma capacit\u00e9 \u00e0 assurer la supervision, la responsabilit\u00e9 et l\u2019orientation strat\u00e9gique. <\/p>\n<p>Je souhaite soutenir les priorit\u00e9s strat\u00e9giques de l\u2019ICU, notamment l\u2019\u00e9quit\u00e9, la diversit\u00e9 et l\u2019inclusion, la r\u00e9conciliation et le mentorat des professionnels \u00e9mergents. En tant qu\u2019administrateur g\u00e9n\u00e9ral, j\u2019apporterais une vision au niveau de la gouvernance, je ferais le lien entre les initiatives nationales d\u2019urbanisme et le d\u00e9veloppement professionnel, et je veillerais \u00e0 ce que les d\u00e9cisions du Conseil d\u2019administration refl\u00e8tent les besoins en constante \u00e9volution de la profession et des collectivit\u00e9s partout au Canada. <\/p>\n<p>Je serais honor\u00e9 de mettre \u00e0 profit mon exp\u00e9rience, mon jugement et mon engagement au service de la communaut\u00e9 pour renforcer le Conseil d\u2019administration de l\u2019ICU, faire progresser la profession de l\u2019urbanisme au Canada et soutenir la prochaine g\u00e9n\u00e9ration d\u2019urbanistes.<\/p>\n<p>&nbsp;<\/p>\n<img loading=\"lazy\" decoding=\"async\" class=\"alignleft wp-image-44315 \" src=\"https:\/\/www.cip-icu.ca\/wp-content\/uploads\/2026\/04\/Megan-Uglem-160x160.jpg\" alt=\"\" width=\"190\" height=\"190\" srcset=\"https:\/\/www.cip-icu.ca\/wp-content\/uploads\/2026\/04\/Megan-Uglem-160x160.jpg 160w, https:\/\/www.cip-icu.ca\/wp-content\/uploads\/2026\/04\/Megan-Uglem-300x300.jpg 300w, https:\/\/www.cip-icu.ca\/wp-content\/uploads\/2026\/04\/Megan-Uglem-100x100.jpg 100w\" sizes=\"auto, (max-width: 190px) 100vw, 190px\" \/>\n<p><strong>Megan Uglem<\/strong><\/p>\n<p>Megan Uglem est r\u00e9cemment dipl\u00f4m\u00e9e de l\u2019\u00c9cole d\u2019Urbanisme communautaire et r\u00e9gional de l\u2019Universit\u00e9 de la Colombie-Britannique, avec une sp\u00e9cialisation en urbanisme communautaire autochtone. Megan est actuellement urbaniste municipale sur la Sunshine Coast, en Colombie-Britannique, o\u00f9 elle travaille sur des projets d\u2019urbanisme en cours et de planification \u00e0 long terme visant \u00e0 promouvoir des collectivit\u00e9s r\u00e9silientes, accessibles et bien con\u00e7ues. <\/p>\n<p>Originaire de l\u2019Alberta, Megan apporte une appr\u00e9ciation terre-\u00e0-terre des liens communautaires, de la collaboration et de la gestion responsable du territoire. Elle est profond\u00e9ment passionn\u00e9e par la cr\u00e9ation de collectivit\u00e9s saines et agr\u00e9ables \u00e0 vivre et par la garantie que les d\u00e9cisions d\u2019urbanisme favorisent le bien-\u00eatre \u00e0 long terme de tous les r\u00e9sidents. <\/p>\n<p>Megan contribue \u00e9galement \u00e0 la profession par le biais de son travail b\u00e9n\u00e9vole au sein du Groupe de travail sur la Justice, \u00c9quit\u00e9, Diversit\u00e9, D\u00e9colonisation et Inclusion (JEDDI) de l\u2019Institut de planification de la Colombie-Britannique, o\u00f9 elle aide \u00e0 faire progresser l\u2019\u00e9quit\u00e9, la d\u00e9colonisation et les pratiques de planification inclusives partout en Colombie-Britannique et au Yukon.<\/p>\n<p><strong>Manifestation d&#8217;int\u00e9r\u00eat<\/strong><\/p>\n<p>Je suis profond\u00e9ment engag\u00e9e \u00e0 faire progresser une profession de l\u2019urbanisme qui soutient des collectivit\u00e9s saines, vivables et inclusives partout au Canada. En tant qu\u2019urbaniste municipale sur la Sunshine Coast, en Colombie-Britannique, je constate directement comment le leadership national, l\u2019apprentissage partag\u00e9 et des normes professionnelles solides fa\u00e7onnent la pratique sur le terrain. Le Plan strat\u00e9gique de l\u2019ICU, qui met l\u2019accent sur l\u2019action int\u00e9gr\u00e9e, la r\u00e9conciliation et l\u2019EDI, ainsi que sur le soutien tout au long de la carri\u00e8re, correspond \u00e9troitement \u00e0 mon travail et \u00e0 mes valeurs.  <\/p>\n<p>Mon exp\u00e9rience couvre l\u2019examen des projets d\u2019am\u00e9nagement, la mise \u00e0 jour des politiques, la planification de l\u2019accessibilit\u00e9 et la collaboration interminist\u00e9rielle. J\u2019ai contribu\u00e9 \u00e0 des initiatives majeures, notamment la mise \u00e0 jour du Plan communautaire officiel et du R\u00e8glement de zonage, les permis d\u2019am\u00e9nagement li\u00e9s aux risques g\u00e9ologiques et \u00e0 l\u2019environnement, ainsi que la cocr\u00e9ation et la mise en \u0153uvre d\u2019un Plan r\u00e9gional d\u2019accessibilit\u00e9. Gr\u00e2ce \u00e0 ce mandat, j\u2019ai acquis de solides connaissances en mati\u00e8re de gouvernance, une r\u00e9flexion strat\u00e9gique et la capacit\u00e9 de traduire des questions complexes en recommandations claires et concr\u00e8tes.  <\/p>\n<p>Le fait d\u2019avoir grandi en Alberta a forg\u00e9 mon attachement aux liens communautaires et \u00e0 la planification \u00e0 long terme. Cela continue d\u2019alimenter ma passion pour des collectivit\u00e9s saines et agr\u00e9ables \u00e0 vivre, ainsi que pour une pratique ax\u00e9e sur l\u2019\u00e9quit\u00e9. <\/p>\n<p>Je m\u2019implique \u00e9galement en tant que b\u00e9n\u00e9vole au sein du Groupe de travail Justice, \u00c9quit\u00e9, Diversit\u00e9, D\u00e9colonisation et Inclusion (JEDDI) de l\u2019Institut de planification de la Colombie-Britannique, o\u00f9 je contribue \u00e0 faire progresser l\u2019\u00e9quit\u00e9, la d\u00e9colonisation et le d\u00e9veloppement professionnel inclusif en Colombie-Britannique et au Yukon. Cette exp\u00e9rience renforce ma conviction quant \u00e0 l\u2019importance du leadership national et de l\u2019impact collectif. <\/p>\n<p>Je serais honor\u00e9e de mettre mon exp\u00e9rience, mon \u00e9nergie et mon engagement au service du Conseil d\u2019administration de l\u2019ICU.<\/p>\n\t\t\t\t\t<\/div>\n\t\t\t\t\t\n\t\t\t\t\t<div id=\"tabpanel-5\" class=\"panel  hide\" aria-labelledby=\"tab-5\" role=\"tabpanel\" tabindex=\"0\" aria-hidden=\" true\">\n\t\t\t\t\t\t<p class=\"lede\"><img loading=\"lazy\" decoding=\"async\" class=\"alignleft wp-image-44319 \" src=\"https:\/\/www.cip-icu.ca\/wp-content\/uploads\/2026\/04\/Andrei-Bostecu-160x160.jpg\" alt=\"\" width=\"191\" height=\"191\" srcset=\"https:\/\/www.cip-icu.ca\/wp-content\/uploads\/2026\/04\/Andrei-Bostecu-160x160.jpg 160w, https:\/\/www.cip-icu.ca\/wp-content\/uploads\/2026\/04\/Andrei-Bostecu-300x300.jpg 300w, https:\/\/www.cip-icu.ca\/wp-content\/uploads\/2026\/04\/Andrei-Bostecu-100x100.jpg 100w\" sizes=\"auto, (max-width: 191px) 100vw, 191px\" \/><\/p>\n<p><strong>Andrei Botescu<\/strong><\/p>\n<p>Andrei Botescu est un \u00e9tudiant-chercheur prim\u00e9 et un futur \u00e9tudiant en Ma\u00eetrise de Sciences de l\u2019am\u00e9nagement (MScPl) \u00e0 l\u2019Universit\u00e9 de Toronto (septembre 2026). Il obtiendra ce printemps un Baccalaur\u00e9at en lettres avec mention de l\u2019Universit\u00e9 de Toronto \u00e0 Scarborough, apr\u00e8s avoir suivi un double cursus en g\u00e9ographie humaine et en fran\u00e7ais. Ses int\u00e9r\u00eats acad\u00e9miques et de recherche portent sur l\u2019accessibilit\u00e9 et l\u2019\u00e9quit\u00e9 en mati\u00e8re de transport, ainsi que sur la mani\u00e8re dont les syst\u00e8mes de mobilit\u00e9 fa\u00e7onnent l\u2019acc\u00e8s \u00e0 diff\u00e9rentes opportunit\u00e9s et aux services essentiels. Andrei s\u2019int\u00e9resse \u00e0 l\u2019am\u00e9lioration des r\u00e9seaux de transport r\u00e9gionaux et de la connectivit\u00e9 des banlieues partout au Canada afin de mieux desservir les collectivit\u00e9s mal desservies et de r\u00e9duire les in\u00e9galit\u00e9s spatiales.   <\/p>\n<p>Il \u0153uvre actuellement comme assistant de recherche au sein du laboratoire de recherche Mobilizing Justice de l\u2019Universit\u00e9 de Toronto, o\u00f9 il est l\u2019analyste principal de l\u2019Enqu\u00eate nationale sur la pauvret\u00e9 li\u00e9e aux transports. \u00c0 ce titre, il effectue des analyses statistiques et d\u00e9veloppe des connaissances sur l\u2019acc\u00e8s aux transports, les perceptions et les comportements partout au Canada. Il a re\u00e7u le Prix d\u2019excellence de l\u2019Universit\u00e9 de Toronto (UTEA) pour ses recherches sur les obstacles li\u00e9s aux transports qui entravent l\u2019acc\u00e8s \u00e0 l\u2019emploi et \u00e0 l\u2019\u00e9ducation pour diff\u00e9rents groupes socio-\u00e9conomiques.  <\/p>\n<p>Il est membre \u00e9tudiant de l\u2019Institut canadien des urbanistes et de l\u2019Institut des urbanistes professionnels de l\u2019Ontario. En dehors de ses \u00e9tudes, il aime jouer au football et passer du temps avec ses co\u00e9quipiers et les membres de la communaut\u00e9. <\/p>\n<p><strong>Manifestation d&#8217;int\u00e9r\u00eat<\/strong><\/p>\n<p>Andrei Botescu est impatient d\u2019occuper le poste de directeur \u00e9tudiant au sein de l\u2019Institut canadien des urbanistes afin de contribuer \u00e0 l\u2019avenir de la profession d\u2019urbaniste au Canada et de d\u00e9velopper ses comp\u00e9tences en leadership en tant qu\u2019urbaniste \u00e9mergent. Ses travaux universitaires et de recherche sur l\u2019accessibilit\u00e9 et l\u2019\u00e9quit\u00e9 en mati\u00e8re de transport s\u2019inscrivent dans la vision de l\u2019ICU, qui consiste \u00e0 b\u00e2tir des collectivit\u00e9s inclusives et dynamiques, connect\u00e9es aux opportunit\u00e9s et favorisant le bien-\u00eatre \u00e0 long terme. Il estime que les d\u00e9cisions donnant la priorit\u00e9 \u00e0 la durabilit\u00e9 et \u00e0 l\u2019inclusivit\u00e9 doivent \u00eatre permanentes et s\u2019int\u00e9grer \u00e0 chaque \u00e9tape du processus de conception.  <\/p>\n<p>Originaire de Mississauga, il effectuait quotidiennement un trajet de pr\u00e8s de cinq heures en bus pour se rendre \u00e0 l\u2019Universit\u00e9 \u00e0 Scarborough, ce qui lui a permis de constater de ses propres yeux comment les transports peuvent \u00e9largir ou restreindre l\u2019acc\u00e8s \u00e0 l\u2019\u00e9ducation et \u00e0 l\u2019emploi. Il est impatient d\u2019apporter cette perspective au Conseil d\u2019administration en soutenant des discussions fond\u00e9es sur des donn\u00e9es factuelles et en contribuant \u00e0 des initiatives qui font progresser des pratiques d\u2019urbanisme \u00e9quitables dans l\u2019ensemble du Canada. <\/p>\n<p>Andrei est attir\u00e9 par les valeurs de l\u2019ICU, \u00e0 savoir la r\u00e9solution cr\u00e9ative et audacieuse des probl\u00e8mes et la mobilisation inclusive, et s\u2019engage \u00e0 participer activement aux responsabilit\u00e9s du Conseil d\u2019administration et \u00e0 s\u2019impliquer dans les priorit\u00e9s strat\u00e9giques. Il consid\u00e8re ce r\u00f4le comme l\u2019occasion de contribuer aux discussions sur l\u2019urbanisme au niveau national, d\u2019apprendre \u00e0 transposer les valeurs de l\u2019ICU \u00e0 l\u2019\u00e9chelle locale et de comprendre comment les initiatives nationales ont un impact sur les diff\u00e9rents niveaux de gouvernance. <\/p>\n<p>En si\u00e9geant au Conseil d\u2019administration, Andrei esp\u00e8re approfondir sa compr\u00e9hension de la gouvernance et de la prise de d\u00e9cision en mati\u00e8re d\u2019urbanisme tout en soutenant la mission de l\u2019ICU, qui consiste \u00e0 impliquer ses membres et \u00e0 amplifier l\u2019impact de la profession, notamment en cr\u00e9ant une section locale de l\u2019ICU \u00e0 l\u2019Universit\u00e9 de Toronto. Il est motiv\u00e9 par l\u2019id\u00e9e de repr\u00e9senter le point de vue des \u00e9tudiants et de devenir un leader r\u00e9fl\u00e9chi et engag\u00e9 dans le domaine de l\u2019urbanisme. <\/p>\n<p>&nbsp;<\/p>\n<img loading=\"lazy\" decoding=\"async\" class=\"alignleft wp-image-44320 \" src=\"https:\/\/www.cip-icu.ca\/wp-content\/uploads\/2026\/04\/Georgina-Colthurst-160x160.jpg\" alt=\"\" width=\"188\" height=\"188\" srcset=\"https:\/\/www.cip-icu.ca\/wp-content\/uploads\/2026\/04\/Georgina-Colthurst-160x160.jpg 160w, https:\/\/www.cip-icu.ca\/wp-content\/uploads\/2026\/04\/Georgina-Colthurst-636x636.jpg 636w, https:\/\/www.cip-icu.ca\/wp-content\/uploads\/2026\/04\/Georgina-Colthurst-1296x1296.jpg 1296w, https:\/\/www.cip-icu.ca\/wp-content\/uploads\/2026\/04\/Georgina-Colthurst-768x768.jpg 768w, https:\/\/www.cip-icu.ca\/wp-content\/uploads\/2026\/04\/Georgina-Colthurst-300x300.jpg 300w, https:\/\/www.cip-icu.ca\/wp-content\/uploads\/2026\/04\/Georgina-Colthurst-600x600.jpg 600w, https:\/\/www.cip-icu.ca\/wp-content\/uploads\/2026\/04\/Georgina-Colthurst-100x100.jpg 100w, https:\/\/www.cip-icu.ca\/wp-content\/uploads\/2026\/04\/Georgina-Colthurst.jpg 1373w\" sizes=\"auto, (max-width: 188px) 100vw, 188px\" \/>\n<p><strong>Georgina Colthurst<\/strong><\/p>\n<p>N\u00e9e et \u00e9lev\u00e9e \u00e0 Windsor, en Ontario, la ville la plus au sud du Canada \u00e0 la fronti\u00e8re des \u00c9tats-Unis, Georgina a pris tr\u00e8s t\u00f4t conscience de la mani\u00e8re dont la g\u00e9ographie fa\u00e7onne les collectivit\u00e9s et les liens r\u00e9gionaux. Apr\u00e8s avoir obtenu un dipl\u00f4me de premier cycle en \u00e9tudes sur les femmes et le genre, elle s\u2019est install\u00e9e dans le nord de la Colombie-Britannique, o\u00f9 sa passion pour l\u2019am\u00e9nagement du Nord et l\u2019am\u00e9nagement r\u00e9gional s\u2019est d\u00e9velopp\u00e9e. <\/p>\n<p>Au cours des dix derni\u00e8res ann\u00e9es, elle a \u0153uvr\u00e9 dans les secteurs public et \u00e0 but non lucratif, en se concentrant sur le d\u00e9veloppement communautaire et l\u2019engagement public. Dans le nord de la Colombie-Britannique, elle a contribu\u00e9 \u00e0 des initiatives r\u00e9gionales avec United Way Northern BC, en participant \u00e0 des tables rondes d\u2019action communautaire et en g\u00e9rant des programmes d\u2019emploi pour les jeunes pour The Foundry \u00e0 Terrace. Elle a \u00e9galement occup\u00e9 le poste d\u2019assistante de circonscription pour un d\u00e9put\u00e9 de Skeena-Bulkley Valley, acqu\u00e9rant ainsi une exp\u00e9rience de terrain li\u00e9e \u00e0 la gouvernance, \u00e0 la participation publique et aux d\u00e9fis uniques auxquels sont confront\u00e9es les collectivit\u00e9s nordiques isol\u00e9es. Ces exp\u00e9riences ont renforc\u00e9 son int\u00e9r\u00eat pour l\u2019am\u00e9nagement du Nord, la r\u00e9silience et le d\u00e9veloppement communautaire \u00e9quitable.   <\/p>\n<p>Elle pr\u00e9pare actuellement une Ma\u00eetrise en Urbanisme et am\u00e9nagement du territoire \u00e0 l\u2019Universit\u00e9 Queen\u2019s, qu\u2019elle devrait obtenir en 2028. Ses recherches porteront sur l\u2019am\u00e9nagement du territoire dans le Nord, la gouvernance et les politiques de logement abordable dans les collectivit\u00e9s nordiques, s\u2019appuyant sur son exp\u00e9rience professionnelle et son engagement en faveur de collectivit\u00e9s nordiques durables, r\u00e9silientes et inclusives. <\/p>\n<p><strong>Manifestation d&#8217;int\u00e9r\u00eat<\/strong><\/p>\n<p>En tant que future urbaniste issue d\u2019un parcours atypique, je m\u2019engage \u00e0 d\u00e9fendre les \u00e9tudiants qui, comme moi, viennent d\u2019horizons \u00e9ducatifs et professionnels diversifi\u00e9s. En tant que membre \u00e9tudiant du Conseil d\u2019administration de l\u2019ICU, j\u2019esp\u00e8re mettre en lumi\u00e8re les besoins, les soutiens et les perspectives sp\u00e9cifiques des \u00e9tudiants en urbanisme issus de parcours atypiques. L\u2019urbanisme est par nature interdisciplinaire, et je crois qu\u2019il existe des voies vers la r\u00e9ussite pour tout le monde. Gr\u00e2ce \u00e0 une formation en \u00e9tudes f\u00e9minines, \u00e0 une mineure en \u00e9tudes du travail et \u00e0 une exp\u00e9rience en tant que conseill\u00e8re en orientation professionnelle, j\u2019esp\u00e8re soutenir les \u00e9tudiants, qu\u2019ils soient issus de parcours traditionnels ou non, en mettant en relation leurs pairs et les organisations, et en encourageant le mentorat.   <\/p>\n<p>L\u2019urbanisme est souvent mal compris. On m\u2019a fr\u00e9quemment demand\u00e9 : \u00ab Quel m\u00e9tier vas-tu exercer avec \u00e7a? \u00bb Pourtant, lorsque la conversation porte sur le design, le lieu et la collectivit\u00e9, les personnes ont souvent des id\u00e9es et des pr\u00e9occupations tr\u00e8s pertinentes concernant l\u2019environnement b\u00e2ti; elles n\u2019ont simplement pas \u00e9t\u00e9 impliqu\u00e9es. Beaucoup de gens ont d\u00e9j\u00e0 l\u2019urbanisme en eux, et je souhaite d\u00e9fendre cette profession tout en mettant les \u00e9tudiants en relation celle-ci. J\u2019esp\u00e8re impliquer les \u00e9tudiants de premier cycle, les \u00e9tudiants du secondaire, les personnes en r\u00e9orientation professionnelle et tous ceux qui envisagent l\u2019urbanisme comme une voie \u00e0 suivre, en les aidant \u00e0 voir les opportunit\u00e9s et la diversit\u00e9 des exp\u00e9riences qui peuvent contribuer \u00e0 ce domaine. Mon objectif est de cr\u00e9er un pont entre les \u00e9tudiants non traditionnels et les urbanistes potentiels, afin de garantir que l\u2019urbanisme refl\u00e8te toute la gamme des perspectives, des exp\u00e9riences et des voix de nos collectivit\u00e9s.     <\/p>\n<p>&nbsp;<\/p>\n<img loading=\"lazy\" decoding=\"async\" class=\"alignleft wp-image-44321 \" src=\"https:\/\/www.cip-icu.ca\/wp-content\/uploads\/2026\/04\/Manuela-DCunha-160x160.png\" alt=\"\" width=\"187\" height=\"187\" srcset=\"https:\/\/www.cip-icu.ca\/wp-content\/uploads\/2026\/04\/Manuela-DCunha-160x160.png 160w, https:\/\/www.cip-icu.ca\/wp-content\/uploads\/2026\/04\/Manuela-DCunha-300x300.png 300w, https:\/\/www.cip-icu.ca\/wp-content\/uploads\/2026\/04\/Manuela-DCunha-100x100.png 100w\" sizes=\"auto, (max-width: 187px) 100vw, 187px\" \/>\n<p><strong>Manuela D&#8217;Cunha<\/strong><\/p>\n<p>Manuela D\u2019Cunha est \u00e9tudiante en Urbanisme \u00e0 l\u2019Universit\u00e9 de Waterloo et s\u2019int\u00e9resse particuli\u00e8rement \u00e0 la durabilit\u00e9, au logement et aux syst\u00e8mes de transport. Elle a pr\u00e9c\u00e9demment travaill\u00e9 comme \u00e9tudiante en urbanisme au sein de Services publics et Approvisionnement Canada. Son mandat intitul\u00e9 \u00ab Les d\u00e9terminants de la mortalit\u00e9 pr\u00e9matur\u00e9e au niveau du quartier : une analyse spatiale des facteurs sanitaires, socio-\u00e9conomiques et d\u2019accessibilit\u00e9 \u00e0 Toronto \u00bb a \u00e9t\u00e9 pr\u00e9sent\u00e9 lors de la quatri\u00e8me conf\u00e9rence annuelle \u00ab Healthy Cities \u00bb. Manuela est activement impliqu\u00e9e dans la communaut\u00e9 des urbanistes de l\u2019Universit\u00e9 de Waterloo. Elle a pr\u00e9c\u00e9demment occup\u00e9 les fonctions de coordinatrice d\u2019\u00e9v\u00e9nements et de repr\u00e9sentante \u00e9tudiante au sein de l\u2019Association des \u00e9tudiants en urbanisme de l\u2019universit\u00e9. Pendant son temps libre, elle aime lire de la po\u00e9sie et jouer dans des ensembles musicaux.     <\/p>\n<p><strong>Manifestation d&#8217;int\u00e9r\u00eat<\/strong><\/p>\n<p>Je me pr\u00e9sente au Conseil d\u2019administration, car je souhaite renforcer les liens entre les \u00e9tudiants et la communaut\u00e9 professionnelle et cr\u00e9er davantage d\u2019opportunit\u00e9s de croissance et de d\u00e9veloppement pour les membres. En faisant entendre la voix des \u00e9tudiants au sein du Conseil, je souhaite faire conna\u00eetre les besoins et les opportunit\u00e9s auxquels seront confront\u00e9s les futurs professionnels de l\u2019urbanisme. L\u2019engagement actif de la prochaine g\u00e9n\u00e9ration d\u2019urbanistes est l\u2019une de mes priorit\u00e9s, car il contribue \u00e0 la croissance et \u00e0 la fid\u00e9lisation \u00e0 long terme des membres en renfor\u00e7ant leur implication d\u00e8s le d\u00e9but. En cr\u00e9ant une communaut\u00e9 professionnelle durable et connect\u00e9e, nous pouvons nous assurer que les \u00e9tudiants soient mieux pr\u00e9par\u00e9s \u00e0 entrer sur le march\u00e9 du travail et que les urbanistes s\u2019engagent \u00e0 fa\u00e7onner l\u2019avenir de leur domaine.   <\/p>\n<p>Au-del\u00e0 de la participation active des \u00e9tudiants, je compte soutenir l\u2019ICU dans son plaidoyer en faveur des priorit\u00e9s de l\u2019urbanisme et \u0153uvrer pour un urbanisme plus int\u00e9gr\u00e9 et plus \u00e9quitable. Je vise \u00e9galement \u00e0 renforcer la communication entre le Conseil d\u2019administration et l\u2019ensemble des membres, en veillant \u00e0 ce que ces derniers soient inform\u00e9s du paysage actuel des politiques d\u2019urbanisme et des autres \u00e9volutions dans le domaine. Globalement, mon objectif est d\u2019\u00eatre \u00e0 l\u2019\u00e9coute des besoins des membres et de les d\u00e9fendre ainsi que de soutenir la croissance \u00e0 long terme de la profession d\u2019urbaniste.  <\/p>\n<p>&nbsp;<\/p>\n<img loading=\"lazy\" decoding=\"async\" class=\"alignleft wp-image-44322 \" src=\"https:\/\/www.cip-icu.ca\/wp-content\/uploads\/2026\/04\/Benjamin-Holt-160x160.jpg\" alt=\"\" width=\"184\" height=\"184\" srcset=\"https:\/\/www.cip-icu.ca\/wp-content\/uploads\/2026\/04\/Benjamin-Holt-160x160.jpg 160w, https:\/\/www.cip-icu.ca\/wp-content\/uploads\/2026\/04\/Benjamin-Holt-300x300.jpg 300w, https:\/\/www.cip-icu.ca\/wp-content\/uploads\/2026\/04\/Benjamin-Holt-100x100.jpg 100w\" sizes=\"auto, (max-width: 184px) 100vw, 184px\" \/>\n<p><strong>Benjamin Holt<\/strong><\/p>\n<p>Benjamin Holt est un jeune professionnel de l\u2019urbanisme et chercheur qui termine actuellement ses \u00e9tudes de premier cycle \u00e0 l\u2019\u00c9cole d\u2019Urbanisme et d\u2019am\u00e9nagement du territoire de l\u2019Universit\u00e9 m\u00e9tropolitaine de Toronto. Son projet universitaire est motiv\u00e9 par sa fascination pour l\u2019intersection entre les politiques publiques, la technologie et la r\u00e9silience urbaine. Les recherches de Ben portent sur la mani\u00e8re dont les politiques publiques peuvent relever les d\u00e9fis li\u00e9s aux infrastructures essentielles du Canada, ainsi que sur l\u2019utilisation des technologies \u00e9mergentes et de strat\u00e9gies innovantes de participation citoyenne pour favoriser des environnements urbains plus inclusifs.  <\/p>\n<p>Avant de se tourner vers l\u2019urbanisme, Ben s\u2019est forg\u00e9 une solide exp\u00e9rience professionnelle dans les secteurs bancaire, des loisirs et de l\u2019\u00e9nergie. Ce parcours lui a conf\u00e9r\u00e9 une perspective analytique unique, notamment en gestion des risques, en coordination interinstitutionnelle et en alignement des activit\u00e9s du secteur priv\u00e9 sur les objectifs \u00e0 long terme des politiques publiques. Son exp\u00e9rience dans la vente professionnelle et le service \u00e0 la client\u00e8le a davantage affin\u00e9 sa capacit\u00e9 \u00e0 communiquer des id\u00e9es complexes \u00e0 des publics vari\u00e9s, une comp\u00e9tence qu\u2019il consid\u00e8re comme essentielle pour les urbanistes modernes, qui doivent combler le foss\u00e9 entre les politiques techniques et les besoins de la communaut\u00e9.  <\/p>\n<p>En dehors de ses activit\u00e9s professionnelles et universitaires, Ben est un ancien nageur de comp\u00e9tition class\u00e9 au niveau national. Les ann\u00e9es pass\u00e9es dans le sport de haut niveau lui ont inculqu\u00e9 un sens profond de la discipline, de la gestion du temps et de la r\u00e9silience. Il applique cette m\u00eame mentalit\u00e9 \u00ab premier arriv\u00e9, dernier parti \u00bb \u00e0 ses fonctions de direction, consid\u00e9rant les d\u00e9fis auxquels est confront\u00e9e la prochaine g\u00e9n\u00e9ration d\u2019urbanistes comme des opportunit\u00e9s d\u2019innovation strat\u00e9gique et de plaidoyer soutenu.  <\/p>\n<p><strong>Manifestation d&#8217;int\u00e9r\u00eat<\/strong><\/p>\n<p>En tant qu\u2019\u00e9tudiant en urbanisme \u00e0 l\u2019Universit\u00e9 m\u00e9tropolitaine de Toronto, je souhaite servir de lien strat\u00e9gique entre l\u2019Institut canadien des urbanistes et la prochaine g\u00e9n\u00e9ration de professionnels. Mon objectif est de combler le \u00ab foss\u00e9 de pertinence \u00bb en veillant \u00e0 ce que la gouvernance nationale refl\u00e8te les besoins des \u00e9tudiants. <\/p>\n<p>Mes priorit\u00e9s pour ce mandat de deux ans sont les suivantes :<\/p>\n<p>Renforcer la valeur pour les \u00e9tudiants : je militerai en faveur d\u2019avantages concrets, notamment des cadres de mentorat modernis\u00e9s et des forums num\u00e9riques qui mettent les \u00e9tudiants en relation directe avec des urbanistes professionnels certifi\u00e9s, renfor\u00e7ant ainsi la valeur ajout\u00e9e de la certification.<\/p>\n<p>Mise en \u0153uvre de l\u2019EDI : je m\u2019engage \u00e0 faire en sorte que la feuille de route EDI de l\u2019ICU se traduise par des actions sur le terrain. Je d\u00e9fendrai des initiatives de sensibilisation inclusives et des prix qui refl\u00e8tent la diversit\u00e9 des collectivit\u00e9s que nous sommes form\u00e9s \u00e0 servir. <\/p>\n<p>D\u00e9fense strat\u00e9gique des int\u00e9r\u00eats : en tirant parti de mon exp\u00e9rience dans les domaines de la finance et de l\u2019\u00e9nergie, je traduirai le Plan strat\u00e9gique de l\u2019ICU en conseils concrets pour les \u00e9tudiants, en encourageant une familiarisation pr\u00e9coce avec les normes nationales et le Code de d\u00e9ontologie.<\/p>\n<p>Le r\u00f4le de directeur \u00e9tudiant exige \u00e0 la fois diplomatie et pers\u00e9v\u00e9rance. Mon exp\u00e9rience de nageur de comp\u00e9tition m\u2019a inculqu\u00e9 la discipline n\u00e9cessaire pour un mandat \u00e0 long terme, tandis que mon parcours professionnel dans la vente a affin\u00e9 ma capacit\u00e9 \u00e0 \u00e9tablir un consensus parmi des parties prenantes diversifi\u00e9es. Je suis pr\u00eat \u00e0 \u00eatre un d\u00e9fenseur fiable et d\u00e9termin\u00e9 des plus de 2 000 membres \u00e9tudiants du Canada, en veillant \u00e0 ce que nos voix fa\u00e7onnent l\u2019avenir de la profession.  <\/p>\n<p>&nbsp;<\/p>\n<img loading=\"lazy\" decoding=\"async\" class=\"alignleft wp-image-44323 \" src=\"https:\/\/www.cip-icu.ca\/wp-content\/uploads\/2026\/04\/Mo-Li-160x160.jpg\" alt=\"\" width=\"187\" height=\"187\" srcset=\"https:\/\/www.cip-icu.ca\/wp-content\/uploads\/2026\/04\/Mo-Li-160x160.jpg 160w, https:\/\/www.cip-icu.ca\/wp-content\/uploads\/2026\/04\/Mo-Li-300x300.jpg 300w, https:\/\/www.cip-icu.ca\/wp-content\/uploads\/2026\/04\/Mo-Li-100x100.jpg 100w\" sizes=\"auto, (max-width: 187px) 100vw, 187px\" \/>\n<p><strong>Mo Li<\/strong><\/p>\n<p>Mo Li termine actuellement sa Ma\u00eetrise en Urbanisme \u00e0 l\u2019Universit\u00e9 Dalhousie, s\u2019appuyant sur son expertise en Syst\u00e8mes d\u2019information g\u00e9ographique (SIG) acquise au COGS-NSCC. Originaire de P\u00e9kin, en Chine, Mo a commenc\u00e9 son parcours \u00e9ducatif au Canada en 2015. Ses premi\u00e8res exp\u00e9riences en tant qu\u2019\u00e9tudiante internationale, confront\u00e9e \u00e0 un nouvel environnement et \u00e0 une nouvelle langue, ont nourri en elle une profonde empathie et une compr\u00e9hension des divers d\u00e9fis auxquels les individus sont confront\u00e9s au sein d\u2019une collectivit\u00e9 en tant que nouveaux arrivants. Cette perspective est encore enrichie par ses exp\u00e9riences professionnelles, notamment en tant que technicienne SIG et urbaniste. Ces fonctions ont permis \u00e0 Mo de constater de pr\u00e8s \u00e0 quel point les d\u00e9cisions d\u2019urbanisme ont un impact profond sur la vie quotidienne des gens.    <\/p>\n<p>Actuellement charg\u00e9e de liaison \u00e9tudiante \u00e0 l\u2019ICU, Mo s\u2019attache \u00e0 allier ses comp\u00e9tences techniques \u00e0 une compr\u00e9hension bienveillante des besoins de la collectivit\u00e9, dans le but ultime de contribuer \u00e0 la cr\u00e9ation d\u2019une communaut\u00e9 meilleure o\u00f9 chacun puisse vivre et s\u2019\u00e9panouir. Elle est laur\u00e9ate de la bourse 2025 du Fonds en fid\u00e9icommis pour \u00e9tudiants en urbanisme et am\u00e9nagement de l\u2019ICU et participe au programme \u00ab Future Planner \u00bb de l\u2019ICU. <\/p>\n<p><strong>Manifestation d&#8217;int\u00e9r\u00eat<\/strong><\/p>\n<p>Je me pr\u00e9sente au poste de directrice \u00e9tudiante afin de passer de la d\u00e9fense des int\u00e9r\u00eats locaux \u00e0 la gouvernance nationale, en veillant \u00e0 ce que les perspectives des \u00e9tudiants soient une composante structurelle de la vision de l\u2019Institut au cours de ce mandat de deux ans. Ayant occup\u00e9 les fonctions de charg\u00e9e des relations avec les \u00e9tudiants de l\u2019ICU et de vice-pr\u00e9sidente (sensibilisation) pour l\u2019ITE Dalhousie, je comprends l\u2019importance de repr\u00e9senter les urbanistes \u00e9mergents l\u00e0 o\u00f9 les d\u00e9cisions strat\u00e9giques sont prises. Je suis particuli\u00e8rement motiv\u00e9e par l\u2019engagement du Plan strat\u00e9gique 2020-2025 de l\u2019ICU \u00e0 \u00eatre la \u00ab voix de confiance de l\u2019urbanisme \u00bb et par l\u2019accent mis sur l\u2019\u00e9quit\u00e9, la diversit\u00e9 et l\u2019inclusion (EDI). En tant qu\u2019\u00e9tudiante internationale ayant d\u00fb m\u2019adapter \u00e0 un nouvel environnement et \u00e0 une nouvelle langue, je crois qu\u2019une \u00ab voix de confiance \u00bb doit \u00eatre inclusive et refl\u00e9ter la diversit\u00e9 des exp\u00e9riences v\u00e9cues par tous les membres.   <\/p>\n<p>Mon objectif est de soutenir le pilier \u00ab B\u00e2tir la profession \u00bb du Plan strat\u00e9gique en plaidant pour des parcours clairs entre le monde universitaire et la pratique professionnelle, en m\u2019appuyant sur mon exp\u00e9rience actuelle en tant que candidate \u00e0 la Ma\u00eetrise en urbanisme. J\u2019ai l\u2019intention de d\u00e9fendre une vision tourn\u00e9e vers l\u2019avenir pour la profession, qui aborde les priorit\u00e9s nationales telles que les changements climatiques et le logement sous l\u2019angle de la r\u00e9silience communautaire. De plus, j\u2019apporterai un haut niveau de connaissances en mati\u00e8re de gouvernance, acquises gr\u00e2ce \u00e0 une formation au leadership et \u00e0 la gestion de projets professionnels, afin de garantir que le Conseil reste responsable devant ses membres \u00e9tudiants. En fin de compte, je suis pr\u00eate \u00e0 mettre \u00e0 disposition mes comp\u00e9tences en leadership et en collaboration pour aider \u00e0 guider l\u2019ICU dans sa mission visant \u00e0 cr\u00e9er de meilleures collectivit\u00e9s pour tous.   <\/p>\n<p>&nbsp;<\/p>\n<img loading=\"lazy\" decoding=\"async\" class=\"alignleft wp-image-44324 \" src=\"https:\/\/www.cip-icu.ca\/wp-content\/uploads\/2026\/04\/Zackary-Matiz-Ward-160x160.jpg\" alt=\"\" width=\"188\" height=\"188\" srcset=\"https:\/\/www.cip-icu.ca\/wp-content\/uploads\/2026\/04\/Zackary-Matiz-Ward-160x160.jpg 160w, https:\/\/www.cip-icu.ca\/wp-content\/uploads\/2026\/04\/Zackary-Matiz-Ward-300x300.jpg 300w, https:\/\/www.cip-icu.ca\/wp-content\/uploads\/2026\/04\/Zackary-Matiz-Ward-100x100.jpg 100w\" sizes=\"auto, (max-width: 188px) 100vw, 188px\" \/>\n<p><strong>Zackary Matiz Ward<\/strong><\/p>\n<p>Je suis \u00e9tudiant en Ma\u00eetrise des Sciences de l\u2019urbanisme \u00e0 l\u2019Universit\u00e9 de Toronto et b\u00e9n\u00e9ficiaire de la bourse d\u2019\u00e9tudes sup\u00e9rieures du Canada (Ma\u00eetrise), o\u00f9 mes travaux portent sur la mobilit\u00e9 urbaine durable et le r\u00f4le de l\u2019urbanisme dans la cr\u00e9ation de villes plus \u00e9quitables. Mon int\u00e9r\u00eat pour l\u2019urbanisme est n\u00e9 d\u2019une curiosit\u00e9 plus large quant \u00e0 la mani\u00e8re dont les d\u00e9cisions li\u00e9es aux infrastructures et aux politiques fa\u00e7onnent les exp\u00e9riences quotidiennes, en particulier pour qui les villes fonctionnent bien et qui elles excluent. <\/p>\n<p>Avant d\u2019entreprendre mes \u00e9tudes sup\u00e9rieures, j\u2019ai travaill\u00e9 dans la planification des transports pour la Ville d\u2019Ottawa, puis pour \u00c9lections Canada en tant qu\u2019analyste des syst\u00e8mes de donn\u00e9es g\u00e9ospatiales. Ces exp\u00e9riences m\u2019ont permis de d\u00e9couvrir l\u2019aspect pratique de l\u2019urbanisme et de la prise de d\u00e9cision dans le secteur public, ainsi que l\u2019importance de communiquer clairement des informations spatiales et politiques complexes. <\/p>\n<p>Dans le cadre de mes travaux universitaires, j\u2019ai explor\u00e9 les questions de logement et de transport \u00e0 travers la recherche appliqu\u00e9e, notamment dans le cadre de projets sur des syst\u00e8mes de v\u00e9los en libre-service inclusifs qui int\u00e8grent des consid\u00e9rations li\u00e9es au genre et \u00e0 l\u2019accessibilit\u00e9. \u00c0 travers ces travaux, je me suis particuli\u00e8rement int\u00e9ress\u00e9 \u00e0 la mani\u00e8re dont l\u2019urbanisme peut mieux r\u00e9pondre \u00e0 des besoins diversifi\u00e9s gr\u00e2ce \u00e0 des approches plus inclusives et fond\u00e9es sur des donn\u00e9es probantes. <\/p>\n<p>Je souhaite contribuer \u00e0 rendre la profession d\u2019urbaniste plus accessible, plus \u00e9quitable et plus r\u00e9active, et d\u2019apporter une perspective \u00e9tudiante aux discussions qui fa\u00e7onnent son avenir.<\/p>\n<p><strong>Manifestation d&#8217;int\u00e9r\u00eat<\/strong><\/p>\n<p>Je souhaite occuper le poste de directeur \u00e9tudiant au sein de l\u2019ICU car je vois cela comme l\u2019occasion de contribuer \u00e0 l\u2019avenir de la profession d\u2019urbaniste tout en faisant valoir le point de vue des \u00e9tudiants sur les nouveaux d\u00e9fis.<\/p>\n<p>En tant qu\u2019\u00e9tudiant en urbanisme, je suis directement confront\u00e9 \u00e0 des enjeux qui sont au c\u0153ur des priorit\u00e9s de l\u2019ICU, notamment l\u2019accessibilit\u00e9 financi\u00e8re du logement, les transports adapt\u00e9s au climat et l\u2019acc\u00e8s \u00e9quitable \u00e0 l\u2019espace public. Gr\u00e2ce \u00e0 mes recherches universitaires et \u00e0 mon exp\u00e9rience professionnelle dans la planification des transports municipaux, j\u2019ai d\u00e9velopp\u00e9 un vif int\u00e9r\u00eat pour les interactions entre les politiques, la gouvernance et la pratique de l\u2019urbanisme. <\/p>\n<p>Je suis particuli\u00e8rement motiv\u00e9 \u00e0 soutenir le travail de l\u2019ICU pour l\u2019\u00e9quit\u00e9, la diversit\u00e9 et l\u2019inclusion, et \u00e0 veiller \u00e0 ce que les voix des \u00e9tudiants, en particulier celles qui se heurtent \u00e0 des obstacles dans le cadre de la formation en urbanisme et de la profession, soient repr\u00e9sent\u00e9es de mani\u00e8re importante. Je cumule \u00e9galement une exp\u00e9rience dans la traduction de recherches complexes en informations accessibles, ce qui, selon moi, est pr\u00e9cieux dans un contexte de gouvernance. <\/p>\n<p>Si\u00e9ger au Conseil d\u2019administration me permettrait d\u2019apporter une contribution r\u00e9fl\u00e9chie tout en apprenant aux c\u00f4t\u00e9s d\u2019urbanistes exp\u00e9riment\u00e9s de partout au pays. J\u2019aborderais ce r\u00f4le avec curiosit\u00e9, un sens des responsabilit\u00e9s et un engagement fort en faveur de la collaboration. <\/p>\n\t\t\t\t\t<\/div>\n\t\t\t\t\t\t\t\t<\/div>\n\t\t<\/div>\n\t<\/div>\n\n\n\n\n<script>\n\t\/**\n\t * keyboard navigation with tabs.\n\t * arrow up or right => open next tab\n\t * arrow down or bottom => open previous tab\n\t **\/\n\tconst tablist = document.querySelectorAll(\"[role='tablist'] [role='tab']\");\n\n\tfunction tabsClickHandler() {\n\t\tconst thisTabId = this.getAttribute('id');\n\t\tconst thisTabList = this.closest(\"[role='tablist']\").querySelectorAll(\"[role='tab']\");\n\n\t\tthisTabList.forEach(function (tab) {\n\t\t\tconst thisTabPanel = document.querySelector(\"[role='tabpanel'][id='\" + tab.getAttribute('aria-controls') + \"']\");\n\t\t\tif (tab.getAttribute('id') === thisTabId) {\n\t\t\t\tthisTabPanel.classList.remove(\"hide\");\n\t\t\t\ttab.setAttribute('aria-selected', true);\n\t\t\t\ttab.setAttribute('tabindex', '0');\n\t\t\t} else {\n\t\t\t\tthisTabPanel.classList.add(\"hide\");\n\t\t\t\ttab.setAttribute('aria-selected', false);\n\t\t\t\ttab.setAttribute('tabindex', '-1');\n\t\t\t}\n\t\t});\n\t}\n\n\tfunction tabsHandler(event) {\n\t\tconst index = Array.from(tablist).indexOf(this);\n\t\tconst numbTabs = tablist.length;\n\t\tlet nextId;\n\n\t\tif (numbTabs > 1) {\n\t\t\tif (event.keyCode === 40 || event.keyCode === 39) { \/\/ DOWN or RIGHT\n\t\t\t\tnextId = tablist[(index + 1) % numbTabs];\n\t\t\t}\n\n\t\t\tif (event.keyCode === 38 || event.keyCode === 37) { \/\/ UP or LEFT\n\t\t\t\tnextId = tablist[(index - 1 + numbTabs) % numbTabs];\n\t\t\t}\n\n\t\t\tnextId.focus(); \/\/ focus on next tab\n\t\t\tnextId.click();\n\t\t}\n\t}\n\n\ttablist.forEach(function (tab) {\n\t\ttab.addEventListener('keydown', tabsHandler);\n\t\ttab.addEventListener('click', tabsClickHandler);\n\t});\n\n\tdocument.querySelector(\"[role='tablist'] [role='tab'][aria-selected='true']\").click();\n\n\n\n<\/script>\n\n\n<div style=\"height:80px\" aria-hidden=\"true\" class=\"wp-block-spacer\"><\/div>\n","protected":false},"excerpt":{"rendered":"<p>Conform\u00e9ment au mod\u00e8le de roulement progressif des mandats du conseil d&#8217;administration de l\u2019ICU, cinq des 13 postes sont \u00e0 pourvoir cette ann\u00e9e : Postes \u00e0&hellip;<\/p>\n","protected":false},"author":14,"featured_media":25518,"parent":22202,"menu_order":0,"comment_status":"closed","ping_status":"closed","template":"","meta":{"_acf_changed":false,"footnotes":""},"class_list":["post-27387","page","type-page","status-publish","has-post-thumbnail","hentry"],"acf":[],"_links":{"self":[{"href":"https:\/\/www.cip-icu.ca\/fr\/wp-json\/wp\/v2\/pages\/27387","targetHints":{"allow":["GET"]}}],"collection":[{"href":"https:\/\/www.cip-icu.ca\/fr\/wp-json\/wp\/v2\/pages"}],"about":[{"href":"https:\/\/www.cip-icu.ca\/fr\/wp-json\/wp\/v2\/types\/page"}],"author":[{"embeddable":true,"href":"https:\/\/www.cip-icu.ca\/fr\/wp-json\/wp\/v2\/users\/14"}],"replies":[{"embeddable":true,"href":"https:\/\/www.cip-icu.ca\/fr\/wp-json\/wp\/v2\/comments?post=27387"}],"version-history":[{"count":30,"href":"https:\/\/www.cip-icu.ca\/fr\/wp-json\/wp\/v2\/pages\/27387\/revisions"}],"predecessor-version":[{"id":44664,"href":"https:\/\/www.cip-icu.ca\/fr\/wp-json\/wp\/v2\/pages\/27387\/revisions\/44664"}],"up":[{"embeddable":true,"href":"https:\/\/www.cip-icu.ca\/fr\/wp-json\/wp\/v2\/pages\/22202"}],"wp:featuredmedia":[{"embeddable":true,"href":"https:\/\/www.cip-icu.ca\/fr\/wp-json\/wp\/v2\/media\/25518"}],"wp:attachment":[{"href":"https:\/\/www.cip-icu.ca\/fr\/wp-json\/wp\/v2\/media?parent=27387"}],"curies":[{"name":"wp","href":"https:\/\/api.w.org\/{rel}","templated":true}]}}