{"id":45045,"date":"2026-04-22T10:48:12","date_gmt":"2026-04-22T14:48:12","guid":{"rendered":"https:\/\/www.cip-icu.ca\/cpl-hub\/on-demand-courses\/"},"modified":"2026-04-29T10:05:47","modified_gmt":"2026-04-29T14:05:47","slug":"cours-sur-demande","status":"publish","type":"page","link":"https:\/\/www.cip-icu.ca\/fr\/cpl-hub\/cours-sur-demande\/","title":{"rendered":"Cours sur demande"},"content":{"rendered":"\n<div style=\"height:140px\" aria-hidden=\"true\" class=\"wp-block-spacer\"><\/div>\n\n<div class=\"wp-block-columns is-layout-flex wp-container-core-columns-is-layout-9d6595d7 wp-block-columns-is-layout-flex\">\n<div class=\"wp-block-column is-layout-flow wp-block-column-is-layout-flow\" style=\"flex-basis:60%\">\n<h3 class=\"wp-block-heading line-heading-full\">CAP HUB<\/h3>\n\n\n\n<h1 class=\"wp-block-heading\">Cours sur demande<\/h1>\n\n\n\n<p class=\"lede\">D\u00e9veloppez vos comp\u00e9tences et vos connaissances gr\u00e2ce \u00e0 des cours structur\u00e9s con\u00e7us pour soutenir votre perfectionnement professionnel. D\u00e9couvrez des exp\u00e9riences d\u2019apprentissage guid\u00e9es et \u00e9labor\u00e9es avec des experts en la mati\u00e8re, dont le contenu est directement applicable \u00e0 votre travail.  <\/p>\n\n\n\n<p>Les membres de l\u2019ICU peuvent acc\u00e9der \u00e0 tous les cours sur demande en se connectant \u00e0 l\u2019<a href=\"https:\/\/www.cip-icu.ca\/fr\/connexion-des-membres\/\" data-type=\"page\" data-id=\"18056\">Espace des membres.<\/a> <\/p>\n\n\n\n<p>Vous n\u2019\u00eates pas membre? Devenez un abonn\u00e9 public pour acc\u00e9der aux cours sur demande moyennant un suppl\u00e9ment et commencer votre parcours d\u2019apprentissage. D\u00e9couvrez <a href=\"https:\/\/www.cip-icu.ca\/fr\/rejoindre-le-cip\/\" data-type=\"page\" data-id=\"16302\">ici<\/a> comment devenir membre de l\u2019ICU. <\/p>\n\n\n\n<div style=\"height:10px\" aria-hidden=\"true\" class=\"wp-block-spacer\"><\/div>\n\n\n\n<div class=\"wp-block-buttons is-layout-flex wp-block-buttons-is-layout-flex\">\n<div class=\"wp-block-button\"><a class=\"wp-block-button__link wp-element-button\" href=\"https:\/\/www.cip-icu.ca\/fr\/connexion-des-membres\/\">Connexion des membres<\/a><\/div>\n<\/div>\n<\/div>\n\n\n\n<div class=\"wp-block-column is-layout-flow wp-block-column-is-layout-flow\" style=\"flex-basis:33.33%\">\n<div style=\"height:50px\" aria-hidden=\"true\" class=\"wp-block-spacer\"><\/div>\n<\/div>\n<\/div>\n\n<div style=\"height:69px\" aria-hidden=\"true\" class=\"wp-block-spacer\"><\/div>\n\n<div class=\"wp-block-cover alignfull has-regular-font-size\"><img loading=\"lazy\" decoding=\"async\" width=\"1000\" height=\"563\" class=\"wp-block-cover__image-background wp-image-45133 size-full\" alt=\"\" src=\"https:\/\/www.cip-icu.ca\/wp-content\/uploads\/2026\/04\/Advancing-Housing-Solutions-Training-Cover.png\" data-object-fit=\"cover\" srcset=\"https:\/\/www.cip-icu.ca\/wp-content\/uploads\/2026\/04\/Advancing-Housing-Solutions-Training-Cover.png 1000w, https:\/\/www.cip-icu.ca\/wp-content\/uploads\/2026\/04\/Advancing-Housing-Solutions-Training-Cover-636x358.png 636w, https:\/\/www.cip-icu.ca\/wp-content\/uploads\/2026\/04\/Advancing-Housing-Solutions-Training-Cover-768x432.png 768w, https:\/\/www.cip-icu.ca\/wp-content\/uploads\/2026\/04\/Advancing-Housing-Solutions-Training-Cover-600x338.png 600w\" sizes=\"auto, (max-width: 1000px) 100vw, 1000px\" \/><span aria-hidden=\"true\" class=\"wp-block-cover__background has-jet-background-color has-background-dim-70 has-background-dim\"><\/span><div class=\"wp-block-cover__inner-container is-layout-constrained wp-block-cover-is-layout-constrained\">\n<h2 class=\"wp-block-heading has-text-align-center has-larger-font-size\"><\/h2>\n\n\n\n<div class=\"wp-block-columns is-layout-flex wp-container-core-columns-is-layout-9d6595d7 wp-block-columns-is-layout-flex\">\n<div class=\"wp-block-column is-layout-flow wp-block-column-is-layout-flow\" style=\"flex-basis:25%\"><\/div>\n\n\n\n<div class=\"wp-block-column is-layout-flow wp-block-column-is-layout-flow\" style=\"flex-basis:50%\">\n<h1 class=\"wp-block-heading has-text-align-center\"><strong>Faire progresser les priorit\u00e9s en mati\u00e8re de logement gr\u00e2ce \u00e0 des solutions d&#8217;urbanisme<\/strong><\/h1>\n<\/div>\n\n\n\n<div class=\"wp-block-column is-layout-flow wp-block-column-is-layout-flow\" style=\"flex-basis:25%\"><\/div>\n<\/div>\n<\/div><\/div>\n\n<div style=\"height:61px\" aria-hidden=\"true\" class=\"wp-block-spacer\"><\/div>\n\n<p>Ces quatre cours explorent les principales priorit\u00e9s en mati\u00e8re de logement et les solutions d\u2019am\u00e9nagement, en veillant \u00e0 ce qu\u2019elles s\u2019inscrivent dans le contexte actuel du logement et en soulignant le r\u00f4le essentiel que jouent les urbanistes dans l\u2019att\u00e9nuation de la crise du logement. Les participants examineront des strat\u00e9gies pratiques pour soutenir la mise \u00e0 disposition de logements, notamment les logements avec services de soutien et de transition, les approches innovantes en mati\u00e8re d\u2019offre, la r\u00e9novation urbaine et la simplification des processus d\u2019approbation. <\/p>\n\n<div style=\"height:66px\" aria-hidden=\"true\" class=\"wp-block-spacer\"><\/div>\n\n<div class=\"wp-block-columns the-path-modules is-layout-flex wp-container-core-columns-is-layout-9d6595d7 wp-block-columns-is-layout-flex\">\n<div class=\"wp-block-column is-layout-flow wp-block-column-is-layout-flow\">\n<div class=\"wp-block-group has-blue-10-opacity-background-color has-background\"><div class=\"wp-block-group__inner-container is-layout-constrained wp-block-group-is-layout-constrained\">\n<span class=\"bignum\">1<\/span>\n\n\n\n<p class=\"has-text-align-center\"><strong><strong>Int\u00e9grer les logements avec services de soutien et de transition dans des collectivit\u00e9s compl\u00e8tes<\/strong><\/strong><\/p>\n\n\n\n<ul class=\"wp-block-list\">\n<li>\u00c9valuer les strat\u00e9gies visant \u00e0 relever les principaux d\u00e9fis li\u00e9s \u00e0 la planification et au d\u00e9veloppement des logements de transition et avec services de soutien<\/li>\n\n\n\n<li>D\u00e9crire les r\u00f4les et les responsabilit\u00e9s des principaux acteurs dans le d\u00e9veloppement des logements de transition et avec services de soutien<\/li>\n\n\n\n<li>Expliquer le r\u00f4le de l\u2019urbaniste dans le d\u00e9veloppement des logements de transition et avec services de soutien<\/li>\n<\/ul>\n\n\n\n<div style=\"height:29px\" aria-hidden=\"true\" class=\"wp-block-spacer\"><\/div>\n<\/div><\/div>\n<\/div>\n\n\n\n<div class=\"wp-block-column is-layout-flow wp-block-column-is-layout-flow\">\n<div class=\"wp-block-group has-blue-10-opacity-background-color has-background\"><div class=\"wp-block-group__inner-container is-layout-constrained wp-block-group-is-layout-constrained\">\n<span class=\"bignum\">2<\/span>\n\n\n\n<p class=\"has-text-align-center has-regular-font-size\"><strong><strong><strong>D\u00e9velopper la construction pr\u00e9fabriqu\u00e9e et modulaire<\/strong><\/strong><\/strong><\/p>\n\n\n\n<ul class=\"wp-block-list\">\n<li>D\u00e9crire les principales applications des logements pr\u00e9fabriqu\u00e9s au Canada<\/li>\n\n\n\n<li>Expliquer le r\u00f4le de l\u2019urbaniste dans le processus de d\u00e9veloppement des logements pr\u00e9fabriqu\u00e9s<\/li>\n\n\n\n<li>Identifier des solutions aux principaux d\u00e9fis li\u00e9s \u00e0 la planification et au d\u00e9veloppement des logements pr\u00e9fabriqu\u00e9s<\/li>\n<\/ul>\n\n\n\n<div style=\"height:67px\" aria-hidden=\"true\" class=\"wp-block-spacer\"><\/div>\n<\/div><\/div>\n<\/div>\n<\/div>\n\n<div style=\"height:40px\" aria-hidden=\"true\" class=\"wp-block-spacer\"><\/div>\n\n<div class=\"wp-block-columns the-path-modules is-layout-flex wp-container-core-columns-is-layout-9d6595d7 wp-block-columns-is-layout-flex\">\n<div class=\"wp-block-column is-layout-flow wp-block-column-is-layout-flow\">\n<div class=\"wp-block-group has-blue-10-opacity-background-color has-background\"><div class=\"wp-block-group__inner-container is-layout-constrained wp-block-group-is-layout-constrained\">\n<span class=\"bignum\">3<\/span>\n\n\n\n<p class=\"has-text-align-center\"><strong><strong><strong>Stimuler l&#8217;offre de logements cach\u00e9e gr\u00e2ce \u00e0 la r\u00e9utilisation adaptative, la densification et la r\u00e9g\u00e9n\u00e9ration<\/strong><\/strong><\/strong><\/p>\n\n\n\n<ul class=\"wp-block-list\">\n<li>D\u00e9crire les principales applications de la r\u00e9novation urbaine au Canada, notamment la r\u00e9utilisation adaptative, la densification et la r\u00e9g\u00e9n\u00e9ration<\/li>\n\n\n\n<li>Expliquer le r\u00f4le de l\u2019urbaniste dans les diff\u00e9rents processus de r\u00e9novation urbaine<\/li>\n\n\n\n<li>Identifier des strat\u00e9gies pour relever les principaux d\u00e9fis li\u00e9s \u00e0 la planification et au d\u00e9veloppement de la r\u00e9novation urbaine<\/li>\n<\/ul>\n\n\n\n<div style=\"height:46px\" aria-hidden=\"true\" class=\"wp-block-spacer\"><\/div>\n<\/div><\/div>\n<\/div>\n\n\n\n<div class=\"wp-block-column is-layout-flow wp-block-column-is-layout-flow\">\n<div class=\"wp-block-group has-blue-10-opacity-background-color has-background\"><div class=\"wp-block-group__inner-container is-layout-constrained wp-block-group-is-layout-constrained\">\n<span class=\"bignum\">4<\/span>\n\n\n\n<p class=\"has-text-align-center has-regular-font-size\"><strong><strong><strong><strong>Rationalisation du processus d\u2019approbation des projets d\u2019am\u00e9nagement<\/strong><\/strong><\/strong><\/strong><\/p>\n\n\n\n<ul class=\"wp-block-list\">\n<li>Expliquer le r\u00f4le de l\u2019urbaniste \u00e0 chaque \u00e9tape du processus d\u2019approbation des am\u00e9nagements<\/li>\n\n\n\n<li>D\u00e9crire les d\u00e9fis courants associ\u00e9s \u00e0 chaque \u00e9tape du processus d\u2019approbation des projets d\u2019am\u00e9nagement<\/li>\n\n\n\n<li>\u00c9valuer de mani\u00e8re critique le processus d\u2019approbation dans votre contexte d\u2019urbanisme<\/li>\n\n\n\n<li>Identifier les pratiques exemplaires en vue de rationaliser le processus d\u2019autorisation dans votre contexte d\u2019urbanisme<\/li>\n<\/ul>\n\n\n\n<div style=\"height:23px\" aria-hidden=\"true\" class=\"wp-block-spacer\"><\/div>\n<\/div><\/div>\n<\/div>\n<\/div>\n\n<div style=\"height:60px\" aria-hidden=\"true\" class=\"wp-block-spacer\"><\/div>\n\n<div class=\"wp-block-cover alignfull data-aos_fade-up aos-animate data-aos-delay_100 has-regular-font-size\"><img loading=\"lazy\" decoding=\"async\" width=\"1296\" height=\"864\" class=\"wp-block-cover__image-background wp-image-29256 size-large\" alt=\"sunset over a silhouette of a mountain range\" src=\"https:\/\/www.cip-icu.ca\/wp-content\/uploads\/2024\/07\/The-Path-Slider-Background-1296x864.png\" data-object-fit=\"cover\" srcset=\"https:\/\/www.cip-icu.ca\/wp-content\/uploads\/2024\/07\/The-Path-Slider-Background-1296x864.png 1296w, https:\/\/www.cip-icu.ca\/wp-content\/uploads\/2024\/07\/The-Path-Slider-Background-636x424.png 636w, https:\/\/www.cip-icu.ca\/wp-content\/uploads\/2024\/07\/The-Path-Slider-Background-768x512.png 768w, https:\/\/www.cip-icu.ca\/wp-content\/uploads\/2024\/07\/The-Path-Slider-Background-1536x1024.png 1536w, https:\/\/www.cip-icu.ca\/wp-content\/uploads\/2024\/07\/The-Path-Slider-Background-720x480.png 720w, https:\/\/www.cip-icu.ca\/wp-content\/uploads\/2024\/07\/The-Path-Slider-Background.png 1800w\" sizes=\"auto, (max-width: 1296px) 100vw, 1296px\" \/><span aria-hidden=\"true\" class=\"wp-block-cover__background has-background-dim\" style=\"background-color:#6f3e44\"><\/span><div class=\"wp-block-cover__inner-container is-layout-constrained wp-block-cover-is-layout-constrained\">\n<h2 class=\"wp-block-heading has-text-align-center has-larger-font-size\"><\/h2>\n\n\n\n<div class=\"wp-block-columns is-layout-flex wp-container-core-columns-is-layout-9d6595d7 wp-block-columns-is-layout-flex\">\n<div class=\"wp-block-column is-layout-flow wp-block-column-is-layout-flow\" style=\"flex-basis:25%\"><\/div>\n\n\n\n<div class=\"wp-block-column is-layout-flow wp-block-column-is-layout-flow\" style=\"flex-basis:50%\">\n<h1 class=\"wp-block-heading has-text-align-center\"><strong>Le Parcours : votre voyage au sein du Canada autochtone<\/strong><\/h1>\n<\/div>\n\n\n\n<div class=\"wp-block-column is-layout-flow wp-block-column-is-layout-flow\" style=\"flex-basis:25%\"><\/div>\n<\/div>\n<\/div><\/div>\n\n<div style=\"height:50px\" aria-hidden=\"true\" class=\"wp-block-spacer\"><\/div>\n\n<p>L&#8217;ICU est heureux d\u2019offrir une formation \u00e0 la sensibilisation culturelle autochtone avec son cours en ligne intitul\u00e9 \u00ab Le Parcours : votre voyage au sein du Canada autochtone \u00bb, cr\u00e9\u00e9 par <a href=\"https:\/\/nvisiongroup.ca\/\" target=\"_blank\" rel=\"noreferrer noopener\">NVision<\/a> \u2013 une entreprise de consultation d\u00e9tenue en grande majorit\u00e9 par des Autochtones se sp\u00e9cialisant dans l\u2019autonomisation des communaut\u00e9s autochtones. Le parcours est une formation acclam\u00e9e se d\u00e9clinant en six modules traitant de l\u2019histoire et de la r\u00e9alit\u00e9 contemporaine des Premi\u00e8res Nations, des Inuits et des M\u00e9tis d\u2019un oc\u00e9an \u00e0 l\u2019autre.  <\/p>\n\n<p>Les modules traitent les sujets suivants :<\/p>\n\n<div style=\"height:84px\" aria-hidden=\"true\" class=\"wp-block-spacer\"><\/div>\n\n<div class=\"wp-block-columns the-path-modules is-layout-flex wp-container-core-columns-is-layout-9d6595d7 wp-block-columns-is-layout-flex\">\n<div class=\"wp-block-column is-layout-flow wp-block-column-is-layout-flow\">\n<div class=\"wp-block-group has-orange-10-opacity-background-color has-background\"><div class=\"wp-block-group__inner-container is-layout-constrained wp-block-group-is-layout-constrained\">\n<span class=\"bignum\">1<\/span>\n\n\n\n<p class=\"has-text-align-center\"><strong>Appellations injurieuses<\/strong><\/p>\n\n\n\n<p class=\"has-text-align-center has-small-font-size\">Pr\u00e9sente aux participants les Premi\u00e8res Nations, les Inuits et les M\u00e9tis du Canada aux participants et d\u00e9mystifie bon nombre des st\u00e9r\u00e9otypes qui fa\u00e7onnent la perception que nous en avons.<\/p>\n\n\n\n<div style=\"height:20px\" aria-hidden=\"true\" class=\"wp-block-spacer\"><\/div>\n<\/div><\/div>\n<\/div>\n\n\n\n<div class=\"wp-block-column is-layout-flow wp-block-column-is-layout-flow\">\n<div class=\"wp-block-group has-orange-10-opacity-background-color has-background\"><div class=\"wp-block-group__inner-container is-layout-constrained wp-block-group-is-layout-constrained\">\n<span class=\"bignum\">2<\/span>\n\n\n\n<p class=\"has-text-align-center has-regular-font-size\"><strong><strong>Territoire, peuple et histoires<\/strong><\/strong><\/p>\n\n\n\n<p class=\"has-text-align-center has-small-font-size\">Examine les racines historiques et culturelles des soci\u00e9t\u00e9s des Premi\u00e8res Nations et des Inuits qui sont \u00e9tablies ici depuis des milliers d\u2019ann\u00e9es, ainsi que l\u2019\u00e9mergence des M\u00e9tis en tant que peuple distinct.<\/p>\n\n\n\n<div style=\"height:18px\" aria-hidden=\"true\" class=\"wp-block-spacer\"><\/div>\n<\/div><\/div>\n<\/div>\n\n\n\n<div class=\"wp-block-column is-layout-flow wp-block-column-is-layout-flow\">\n<div class=\"wp-block-group alignwide has-orange-10-opacity-background-color has-background\"><div class=\"wp-block-group__inner-container is-layout-constrained wp-block-group-is-layout-constrained\">\n<span class=\"bignum\">3<\/span>\n\n\n\n<div class=\"wp-block-group\"><div class=\"wp-block-group__inner-container is-layout-constrained wp-block-group-is-layout-constrained\">\n<p class=\"has-text-align-center has-regular-font-size\"><strong>Histoire coloniale du Canada<\/strong><\/p>\n<\/div><\/div>\n\n\n\n<p class=\"has-text-align-center has-small-font-size\">Retrace le chemin entrem\u00eal\u00e9 de l\u2019histoires des Autochtones et de la Couronne, depuis les tout premier contact contact en passant par les trait\u00e9s historiques, jusqu\u2019aux \u00e9v\u00e9nements qui fa\u00e7onnent leur relation actuelle qui est en rapide \u00e9volution.<\/p>\n<\/div><\/div>\n<\/div>\n<\/div>\n\n<div style=\"height:60px\" aria-hidden=\"true\" class=\"wp-block-spacer\"><\/div>\n\n<div class=\"wp-block-columns the-path-modules is-layout-flex wp-container-core-columns-is-layout-9d6595d7 wp-block-columns-is-layout-flex\">\n<div class=\"wp-block-column is-layout-flow wp-block-column-is-layout-flow\">\n<div class=\"wp-block-group has-orange-10-opacity-background-color has-background\"><div class=\"wp-block-group__inner-container is-layout-constrained wp-block-group-is-layout-constrained\">\n<span class=\"bignum\">4<\/span>\n\n\n\n<p class=\"has-text-align-center\"><strong><strong>R\u00e9alit\u00e9s contemporaines<\/strong><\/strong><\/p>\n\n\n\n<p class=\"has-text-align-center has-small-font-size\">Explique comment les \u00e9v\u00e9nements du pass\u00e9 ont fa\u00e7onn\u00e9 la vie et la r\u00e9alit\u00e9 autochtones contemporaines et comment ils continuent de mettre au d\u00e9fi les communaut\u00e9s autochtones modernes. <\/p>\n\n\n\n<div style=\"height:44px\" aria-hidden=\"true\" class=\"wp-block-spacer\"><\/div>\n<\/div><\/div>\n<\/div>\n\n\n\n<div class=\"wp-block-column is-layout-flow wp-block-column-is-layout-flow\">\n<div class=\"wp-block-group has-orange-10-opacity-background-color has-background\"><div class=\"wp-block-group__inner-container is-layout-constrained wp-block-group-is-layout-constrained\">\n<span class=\"bignum\">5<\/span>\n\n\n\n<p class=\"has-text-align-center has-regular-font-size\"><strong><strong><strong>Construction des relations<\/strong><\/strong><\/strong><\/p>\n\n\n\n<p class=\"has-text-align-center has-small-font-size\">Explore les fa\u00e7ons dont la soci\u00e9t\u00e9 autochtone reste profond\u00e9ment enracin\u00e9e dans des valeurs et des traditions culturelles riches et diverses, et comment la compr\u00e9hension de celles-ici peut \u00e9tablir une communication et des relations individuelles et intersoci\u00e9tales positives.<\/p>\n<\/div><\/div>\n<\/div>\n\n\n\n<div class=\"wp-block-column is-layout-flow wp-block-column-is-layout-flow\">\n<div class=\"wp-block-group alignwide has-orange-10-opacity-background-color has-background\"><div class=\"wp-block-group__inner-container is-layout-constrained wp-block-group-is-layout-constrained\">\n<span class=\"bignum\">6<\/span>\n\n\n\n<div class=\"wp-block-group\"><div class=\"wp-block-group__inner-container is-layout-constrained wp-block-group-is-layout-constrained\">\n<p class=\"has-text-align-center has-regular-font-size\"><strong><strong>Vers la v\u00e9rit\u00e9 et la r\u00e9conciliation<\/strong><\/strong><\/p>\n<\/div><\/div>\n\n\n\n<p class=\"has-text-align-center has-small-font-size\">Le dernier module examine et c\u00e9l\u00e8bre les \u00e9tapes marquantes du progr\u00e8s juridiques et social des deux au cours des deux derni\u00e8res d\u00e9cennies, tout en regardant vers l\u2019avenir le travail qui reste \u00e0 accomplir. <\/p>\n\n\n\n<div style=\"height:44px\" aria-hidden=\"true\" class=\"wp-block-spacer\"><\/div>\n<\/div><\/div>\n<\/div>\n<\/div>\n\n<div style=\"height:60px\" aria-hidden=\"true\" class=\"wp-block-spacer\"><\/div>\n\n<div class=\"wp-block-cover alignfull data-aos_fade-up aos-animate data-aos-delay_100 has-regular-font-size\"><img loading=\"lazy\" decoding=\"async\" width=\"1000\" height=\"563\" class=\"wp-block-cover__image-background wp-image-45129 size-full\" alt=\"\" src=\"https:\/\/www.cip-icu.ca\/wp-content\/uploads\/2026\/04\/AI-Training-Cover.png\" style=\"object-position:47% 71%\" data-object-fit=\"cover\" data-object-position=\"47% 71%\" srcset=\"https:\/\/www.cip-icu.ca\/wp-content\/uploads\/2026\/04\/AI-Training-Cover.png 1000w, https:\/\/www.cip-icu.ca\/wp-content\/uploads\/2026\/04\/AI-Training-Cover-636x358.png 636w, https:\/\/www.cip-icu.ca\/wp-content\/uploads\/2026\/04\/AI-Training-Cover-768x432.png 768w, https:\/\/www.cip-icu.ca\/wp-content\/uploads\/2026\/04\/AI-Training-Cover-600x338.png 600w\" sizes=\"auto, (max-width: 1000px) 100vw, 1000px\" \/><span aria-hidden=\"true\" class=\"wp-block-cover__background has-charcoal-background-color has-background-dim\"><\/span><div class=\"wp-block-cover__inner-container is-layout-constrained wp-block-cover-is-layout-constrained\">\n<h2 class=\"wp-block-heading has-text-align-center has-larger-font-size\"><\/h2>\n\n\n\n<div class=\"wp-block-columns is-layout-flex wp-container-core-columns-is-layout-9d6595d7 wp-block-columns-is-layout-flex\">\n<div class=\"wp-block-column is-layout-flow wp-block-column-is-layout-flow\" style=\"flex-basis:25%\"><\/div>\n\n\n\n<div class=\"wp-block-column is-layout-flow wp-block-column-is-layout-flow\" style=\"flex-basis:50%\">\n<h1 class=\"wp-block-heading has-text-align-center\"><strong>Comprendre les flux de travail r\u00e9glementaires assist\u00e9s par l\u2019IA<\/strong><\/h1>\n<\/div>\n\n\n\n<div class=\"wp-block-column is-layout-flow wp-block-column-is-layout-flow\" style=\"flex-basis:25%\"><\/div>\n<\/div>\n<\/div><\/div>\n\n<div style=\"height:65px\" aria-hidden=\"true\" class=\"wp-block-spacer\"><\/div>\n\n<p>L\u2019ICU est heureux d\u2019offrir \u00e0 ses membres un acc\u00e8s gratuit \u00e0 un nouveau cours de formation, Comprendre les flux de travail r\u00e9glementaires assist\u00e9s par l\u2019IA, con\u00e7u par <a href=\"https:\/\/www.trax.co\/\" target=\"_blank\" rel=\"noreferrer noopener\">Trax<\/a> et soutenu par <a href=\"https:\/\/digitalsupercluster.ca\/\" target=\"_blank\" rel=\"noreferrer noopener\">DIGITAL<\/a>.<\/p>\n\n<p>L\u2019intelligence artificielle (IA) est en train de transformer notre fa\u00e7on de travailler, mais il n\u2019est pas n\u00e9cessaire d\u2019\u00eatre un expert en technologie pour la comprendre et en tirer parti. Que vous soyez novice quant \u00e0 l\u2019IA ou que vous l\u2019utilisiez d\u00e9j\u00e0, ce cours pratique et concret est con\u00e7u pour offrir une introduction de haut niveau aux professionnels travaillant dans le domaine de la r\u00e9glementation, comme les responsables du b\u00e2timent, les inspecteurs, les urbanistes, les agents de pr\u00e9vention des incendies et les Premi\u00e8res Nations qui souhaitent explorer ce que l\u2019IA peut (et ne peut pas) faire dans leur contexte professionnel.  <\/p>\n\n<p>Gr\u00e2ce \u00e0 des \u00e9tudes de cas et des activit\u00e9s guid\u00e9es, vous apprendrez \u00e0 aborder les outils d\u2019IA de mani\u00e8re \u00e9clair\u00e9e, critique et responsable. Au fil du cours, vous acquerrez l\u2019exp\u00e9rience n\u00e9cessaire pour collaborer efficacement avec un outil d\u2019IA, en concevant et en affinant des \u00ab requ\u00eates \u00bb efficaces, en examinant des permis \u00e0 l\u2019aide de l\u2019IA et en effectuant des v\u00e9rifications crois\u00e9es des r\u00e9glementations. Les apprenants \u00e9laboreront un plan personnalis\u00e9 pour une utilisation concr\u00e8te de l\u2019IA dans leur contexte professionnel.  <\/p>\n\n<p><strong>\u00c0 la fin de ce cours, vous serez en mesure de faire les choses suivantes :<\/strong><\/p>\n\n<ul class=\"wp-block-list\">\n<li>Exprimer clairement vos connaissances fondamentales sur l\u2019IA et son r\u00f4le historique et actuel dans le processus de construction et le gouvernement.<\/li>\n\n\n\n<li>Analyser comment l\u2019IA peut am\u00e9liorer les capacit\u00e9s, en distinguant les t\u00e2ches effectu\u00e9es par l\u2019IA de celles qui n\u00e9cessitent une intervention humaine.<\/li>\n\n\n\n<li>\u00c9valuer la pertinence des outils d\u2019IA dans le contexte professionnel, en vous appuyant sur des crit\u00e8res cl\u00e9s, des indicateurs de confiance et des informations sur les limites de l\u2019IA.<\/li>\n\n\n\n<li>Appliquer les politiques, les cadres et les principes de cybers\u00e9curit\u00e9 pertinents pour une utilisation responsable des outils d\u2019IA sur le lieu de travail.<\/li>\n\n\n\n<li>Ex\u00e9cuter des t\u00e2ches pertinentes sur le lieu de travail (examen des permis et v\u00e9rifications crois\u00e9es des r\u00e9glementations) \u00e0 l\u2019aide d\u2019outils d\u2019IA.<\/li>\n\n\n\n<li>Cr\u00e9er un plan d\u2019action personnalis\u00e9 pour l\u2019apprentissage continu, l\u2019application et le partage des connaissances en mati\u00e8re d\u2019IA sur votre lieu de travail.<\/li>\n<\/ul>\n\n<div style=\"height:60px\" aria-hidden=\"true\" class=\"wp-block-spacer\"><\/div>\n\n<div class=\"wp-block-group has-gainsboro-background-color has-background\"><div class=\"wp-block-group__inner-container is-layout-constrained wp-block-group-is-layout-constrained\">\n<div style=\"height:40px\" aria-hidden=\"true\" class=\"wp-block-spacer\"><\/div>\n\n\n\n<h2 class=\"wp-block-heading\">Comment acc\u00e9der aux cours sur demande<\/h2>\n\n\n\n<p>Les membres de l\u2019ICU peuvent acc\u00e9der \u00e0 tous les cours sur demande en se connectant \u00e0 l\u2019<a href=\"https:\/\/www.cip-icu.ca\/fr\/connexion-des-membres\/\" data-type=\"page\" data-id=\"18056\">Espace des membres.<\/a> <\/p>\n\n\n\n<ol class=\"wp-block-list\">\n<li>Connectez-vous \u00e0 votre compte de membre<\/li>\n\n\n\n<li>Rendez-vous dans l\u2019espace des membres<\/li>\n\n\n\n<li>Parcourez la section \u00ab Cours sur demande \u00bb<\/li>\n\n\n\n<li>S\u00e9lectionnez un cours et inscrivez-vous<\/li>\n\n\n\n<li>Une fois inscrit, le cours appara\u00eetra dans votre section \u00ab Mon apprentissage en ligne \u00bb<\/li>\n\n\n\n<li>Commencez \u00e0 apprendre!<\/li>\n<\/ol>\n\n\n\n<div style=\"height:10px\" aria-hidden=\"true\" class=\"wp-block-spacer\"><\/div>\n\n\n\n<div class=\"wp-block-buttons is-layout-flex wp-block-buttons-is-layout-flex\">\n<div class=\"wp-block-button\"><a class=\"wp-block-button__link wp-element-button\" href=\"https:\/\/www.cip-icu.ca\/fr\/connexion-des-membres\/\">Connexion des membres<\/a><\/div>\n<\/div>\n\n\n\n<div style=\"height:25px\" aria-hidden=\"true\" class=\"wp-block-spacer\"><\/div>\n\n\n\n<p><strong>Vous n\u2019\u00eates pas membre? <\/strong>Devenez un abonn\u00e9 public pour acc\u00e9der aux cours sur demande moyennant un suppl\u00e9ment et commencer votre parcours d\u2019apprentissage. D\u00e9couvrez <a href=\"https:\/\/www.cip-icu.ca\/fr\/rejoindre-le-cip\/\" data-type=\"page\" data-id=\"16302\">ici<\/a> comment devenir membre de l\u2019ICU. <\/p>\n\n\n\n<p>Si vous avez des questions ou avez besoin d\u2019aide, veuillez communiquer avec notre \u00e9quipe \u00e0 l\u2019adresse <a href=\"mailto:membership@cip-icu.ca\">membership@cip-icu.ca<\/a>.<\/p>\n\n\n\n<div style=\"height:40px\" aria-hidden=\"true\" class=\"wp-block-spacer\"><\/div>\n<\/div><\/div>\n\n<div style=\"height:120px\" aria-hidden=\"true\" class=\"wp-block-spacer\"><\/div>\n","protected":false},"excerpt":{"rendered":"<p>D\u00e9veloppez vos comp\u00e9tences et vos connaissances gr\u00e2ce \u00e0 des cours structur\u00e9s con\u00e7us pour soutenir votre perfectionnement professionnel. D\u00e9couvrez des exp\u00e9riences d\u2019apprentissage guid\u00e9es et \u00e9labor\u00e9es avec des experts en la mati\u00e8re, dont le contenu est directement applicable \u00e0 votre travail. <\/p>\n","protected":false},"author":14,"featured_media":21924,"parent":22143,"menu_order":0,"comment_status":"closed","ping_status":"closed","template":"","meta":{"_acf_changed":false,"footnotes":""},"class_list":["post-45045","page","type-page","status-publish","has-post-thumbnail","hentry"],"acf":[],"_links":{"self":[{"href":"https:\/\/www.cip-icu.ca\/fr\/wp-json\/wp\/v2\/pages\/45045","targetHints":{"allow":["GET"]}}],"collection":[{"href":"https:\/\/www.cip-icu.ca\/fr\/wp-json\/wp\/v2\/pages"}],"about":[{"href":"https:\/\/www.cip-icu.ca\/fr\/wp-json\/wp\/v2\/types\/page"}],"author":[{"embeddable":true,"href":"https:\/\/www.cip-icu.ca\/fr\/wp-json\/wp\/v2\/users\/14"}],"replies":[{"embeddable":true,"href":"https:\/\/www.cip-icu.ca\/fr\/wp-json\/wp\/v2\/comments?post=45045"}],"version-history":[{"count":15,"href":"https:\/\/www.cip-icu.ca\/fr\/wp-json\/wp\/v2\/pages\/45045\/revisions"}],"predecessor-version":[{"id":45262,"href":"https:\/\/www.cip-icu.ca\/fr\/wp-json\/wp\/v2\/pages\/45045\/revisions\/45262"}],"up":[{"embeddable":true,"href":"https:\/\/www.cip-icu.ca\/fr\/wp-json\/wp\/v2\/pages\/22143"}],"wp:featuredmedia":[{"embeddable":true,"href":"https:\/\/www.cip-icu.ca\/fr\/wp-json\/wp\/v2\/media\/21924"}],"wp:attachment":[{"href":"https:\/\/www.cip-icu.ca\/fr\/wp-json\/wp\/v2\/media?parent=45045"}],"curies":[{"name":"wp","href":"https:\/\/api.w.org\/{rel}","templated":true}]}}